{"id":5360,"date":"2024-03-06T15:34:11","date_gmt":"2024-03-06T14:34:11","guid":{"rendered":"https:\/\/www.chateaudelarocheguyon.fr\/le-chateau-se-livre\/?page_id=5360"},"modified":"2025-07-01T17:10:45","modified_gmt":"2025-07-01T15:10:45","slug":"auteurs","status":"publish","type":"page","link":"https:\/\/www.chateaudelarocheguyon.fr\/le-chateau-se-livre\/auteurs\/","title":{"rendered":"Auteurs"},"content":{"rendered":"<p>[vc_row content_placement=&#8221;middle&#8221; row_content_width=&#8221;grid&#8221; content_text_aligment=&#8221;center&#8221; css=&#8221;.vc_custom_1709735647491{padding-top: 147px !important;padding-bottom: 51px !important;}&#8221;][vc_column]<div class=\"eltdf-section-title-holder   eltdf-st-decorative-line\" >\n\t<div class=\"eltdf-st-inner\">\n        \t\t\t\t\t<h2 class=\"eltdf-st-title\" >\n    <span class=\"eltdf-st-title-inner\"><span class=\"eltdf-st-side-line-left\" ><\/span>AUTEURS<span class=\"eltdf-st-side-line-right\" ><\/span><\/span>\n\t\t\t<\/h2>\n\t\t\t\t\t\t\t<\/div>\n<\/div>[vc_empty_space height=&#8221;53px&#8221;][vc_column_text]En m\u00ealant habilement les voix d\u2019auteurs contemporains, jeunes tout autant que confirm\u00e9s, fran\u00e7ais et traduits, le festival de litt\u00e9rature\u00a0<em>Le Ch\u00e2teau se Livre\u00a0<\/em>propose aux festivaliers des rencontres, tables rondes, lectures musicales, conf\u00e9rences, ateliers jeunesse et bien s\u00fbr des s\u00e9ances de d\u00e9dicaces avec des autrices et auteurs de romans, essais, livres pour la jeunesse, bandes dessin\u00e9es, romans graphiques&#8230;<\/p>\n<p><strong>Parmi les auteurs et artistes attendus<\/strong> : les \u00e9crivains R\u00e9mi Baille, Delphine Bertholon, Luca Brunoni, Agn\u00e8s Clancier, Simon Fichet, Ga\u00eblle Josse, Gaspard Koenig, Marion Lejeune, Anne-Solange Muis, Marie Pavlenko, Mathilde Ramadier, Gwena\u00eble Robert et Estelle Rocchitelli ; les autrices et illustratrices jeunesse Chlo\u00e9 du Colombier, Marie Lescroart et Rebecca Romeo, les historiens Alain Schnapp et Georges Vigarello ; les musiciens et compositeurs Ma\u00ebva Le Berre et Fran\u00e7ois Ripoche ; les auteurs et illustrateurs de bandes dessin\u00e9es Thibaut Lambert, Louise Rolland et Mathieu Siam, le cin\u00e9aste et \u00e9crivain Martin Provost.[\/vc_column_text][\/vc_column][\/vc_row][vc_row row_content_width=&#8221;grid&#8221;][vc_column width=&#8221;2\/3&#8243;]<div class=\"eltdf-accordion-holder eltdf-ac-default  eltdf-toggle eltdf-ac-simple  clearfix\">\n\t<h6 class=\"eltdf-accordion-title\">\n    <span class=\"eltdf-accordion-mark\">\n\t\t<span class=\"eltdf_icon_plus icon_plus\"><\/span>\n\t\t<span class=\"eltdf_icon_minus icon_minus-06\"><\/span>\n\t<\/span>\n\t<span class=\"eltdf-tab-title\">Emmanuel Ruben : invit\u00e9 d&#039;honneur du festival<\/span>\n<\/h6>\n<div class=\"eltdf-accordion-content\">\n\t<div class=\"eltdf-accordion-content-inner\">\n\t\t[vc_column_text]<\/p>\n<p style=\"text-align: left;\"><strong><img loading=\"lazy\" decoding=\"async\" class=\"wp-image-5858 alignnone\" src=\"https:\/\/www.chateaudelarocheguyon.fr\/le-chateau-se-livre\/wp-content\/uploads\/2025\/02\/Couv-Ruben-Malville2-200x300.jpg\" alt=\"\" width=\"133\" height=\"200\" srcset=\"https:\/\/www.chateaudelarocheguyon.fr\/le-chateau-se-livre\/wp-content\/uploads\/2025\/02\/Couv-Ruben-Malville2-200x300.jpg 200w, https:\/\/www.chateaudelarocheguyon.fr\/le-chateau-se-livre\/wp-content\/uploads\/2025\/02\/Couv-Ruben-Malville2.jpg 554w\" sizes=\"auto, (max-width: 133px) 100vw, 133px\" \/> <em><img loading=\"lazy\" decoding=\"async\" class=\"wp-image-5861 alignnone\" src=\"https:\/\/www.chateaudelarocheguyon.fr\/le-chateau-se-livre\/wp-content\/uploads\/2025\/02\/Emmanuel-Ruben-1-\u00a9-Dorian-Prost-3-200x300.jpg\" alt=\"\" width=\"133\" height=\"200\" srcset=\"https:\/\/www.chateaudelarocheguyon.fr\/le-chateau-se-livre\/wp-content\/uploads\/2025\/02\/Emmanuel-Ruben-1-\u00a9-Dorian-Prost-3-200x300.jpg 200w, https:\/\/www.chateaudelarocheguyon.fr\/le-chateau-se-livre\/wp-content\/uploads\/2025\/02\/Emmanuel-Ruben-1-\u00a9-Dorian-Prost-3.jpg 554w\" sizes=\"auto, (max-width: 133px) 100vw, 133px\" \/><\/em><\/strong><\/p>\n<p style=\"text-align: left;\"><strong>Malville<br \/>\n\u00c9ditions Stock<br \/>\n<\/strong><\/p>\n<p style=\"text-align: left;\">N\u00e9 en 1980 \u00e0 Lyon,<strong>\u00a0<\/strong>Emmanuel Ruben<strong>\u00a0<\/strong>est l\u2019auteur d\u2019une dizaine de livres \u2013 romans, r\u00e9cits, essais \u2013, parmi lesquels\u00a0<em>Sur la route du Danube<\/em>\u00a0(prix Nicolas Bouvier 2019),\u00a0<em>Sabre<\/em>\u00a0(prix des Deux-Magots 2021) et\u00a0<em>Les M\u00e9diterran\u00e9ennes<\/em> (prix du roman historique 2022). Il a publi\u00e9 <em>Malville<\/em>\u00a0en ao\u00fbt 2024.<\/p>\n<p>Portrait \u00a9 Dorian Prost[\/vc_column_text][vc_empty_space height=&#8221;18px&#8221;]\t<\/div>\n<\/div><h6 class=\"eltdf-accordion-title\">\n    <span class=\"eltdf-accordion-mark\">\n\t\t<span class=\"eltdf_icon_plus icon_plus\"><\/span>\n\t\t<span class=\"eltdf_icon_minus icon_minus-06\"><\/span>\n\t<\/span>\n\t<span class=\"eltdf-tab-title\">Isabelle Simler : invit\u00e9e d&#039;honneur du festival<\/span>\n<\/h6>\n<div class=\"eltdf-accordion-content\">\n\t<div class=\"eltdf-accordion-content-inner\">\n\t\t[vc_column_text]<strong><em><img loading=\"lazy\" decoding=\"async\" class=\"wp-image-5973 alignnone\" src=\"https:\/\/www.chateaudelarocheguyon.fr\/le-chateau-se-livre\/wp-content\/uploads\/2025\/03\/ECL-Albums-Couv-Vivant-211x300.jpg\" alt=\"\" width=\"141\" height=\"200\" srcset=\"https:\/\/www.chateaudelarocheguyon.fr\/le-chateau-se-livre\/wp-content\/uploads\/2025\/03\/ECL-Albums-Couv-Vivant-211x300.jpg 211w, https:\/\/www.chateaudelarocheguyon.fr\/le-chateau-se-livre\/wp-content\/uploads\/2025\/03\/ECL-Albums-Couv-Vivant-720x1024.jpg 720w, https:\/\/www.chateaudelarocheguyon.fr\/le-chateau-se-livre\/wp-content\/uploads\/2025\/03\/ECL-Albums-Couv-Vivant-768x1092.jpg 768w, https:\/\/www.chateaudelarocheguyon.fr\/le-chateau-se-livre\/wp-content\/uploads\/2025\/03\/ECL-Albums-Couv-Vivant-1080x1536.jpg 1080w, https:\/\/www.chateaudelarocheguyon.fr\/le-chateau-se-livre\/wp-content\/uploads\/2025\/03\/ECL-Albums-Couv-Vivant-1440x2048.jpg 1440w, https:\/\/www.chateaudelarocheguyon.fr\/le-chateau-se-livre\/wp-content\/uploads\/2025\/03\/ECL-Albums-Couv-Vivant-scaled.jpg 1800w\" sizes=\"auto, (max-width: 141px) 100vw, 141px\" \/><img loading=\"lazy\" decoding=\"async\" class=\"wp-image-5974 alignnone\" src=\"https:\/\/www.chateaudelarocheguyon.fr\/le-chateau-se-livre\/wp-content\/uploads\/2025\/03\/ECL-PhotoAuteur-Simler-Isabelle-5-HD-280x300.jpg\" alt=\"\" width=\"187\" height=\"200\" srcset=\"https:\/\/www.chateaudelarocheguyon.fr\/le-chateau-se-livre\/wp-content\/uploads\/2025\/03\/ECL-PhotoAuteur-Simler-Isabelle-5-HD-280x300.jpg 280w, https:\/\/www.chateaudelarocheguyon.fr\/le-chateau-se-livre\/wp-content\/uploads\/2025\/03\/ECL-PhotoAuteur-Simler-Isabelle-5-HD-955x1024.jpg 955w, https:\/\/www.chateaudelarocheguyon.fr\/le-chateau-se-livre\/wp-content\/uploads\/2025\/03\/ECL-PhotoAuteur-Simler-Isabelle-5-HD-768x823.jpg 768w, https:\/\/www.chateaudelarocheguyon.fr\/le-chateau-se-livre\/wp-content\/uploads\/2025\/03\/ECL-PhotoAuteur-Simler-Isabelle-5-HD.jpg 1181w\" sizes=\"auto, (max-width: 187px) 100vw, 187px\" \/><\/em><\/strong><\/p>\n<p><strong><em>Vivant<\/em><\/strong><\/p>\n<p><strong>\u00c9ditions courtes et longues<\/strong><\/p>\n<p style=\"text-align: left;\">Dipl\u00f4m\u00e9e des Arts d\u00e9coratifs de Strasbourg, Isabelle Simler est une autrice phare de la litt\u00e9rature jeunesse.<br \/>\nFine observatrice de la nature, son trait naturaliste \u00e9volue au fil de ses albums et nous invite \u00e0 aller toujours plus loin dans un univers \u00e0 la fois naturaliste et merveilleux. Son sens de l\u2019humour et sa pr\u00e9dilection pour les sciences de la vie se marient admirablement pour cr\u00e9er des albums beaux, dr\u00f4les et intelligents. Son sens de l\u2019espace et de la couleur en font une illustratrice hors pair et ses dessins trouvent tout naturellement leur place dans des expositions.<br \/>\nSes livres sont traduits dans plus d\u2019une dizaine de langues et connaissent un vif succ\u00e8s partout o\u00f9 ils sont pr\u00e9sent\u00e9s. <em>Plume<\/em> (\u00e9lu l\u2019un des 10 meilleurs albums 2017 par <em>The New York Times<\/em>), <em>Heure bleue<\/em> ou encore <em>La Toile<\/em> sont devenus des incontournables de notre maison d\u2019\u00e9dition et des librairies. <em>Maison<\/em> a remport\u00e9 le prix du livre jeunesse de l\u2019acad\u00e9mie d\u2019architecture et celui de Lire et faire lire \/ Le Printemps des po\u00e8tes.<\/p>\n<p>Portrait \u00a9 DR[\/vc_column_text][vc_empty_space height=&#8221;18px&#8221;]\t<\/div>\n<\/div><h6 class=\"eltdf-accordion-title\">\n    <span class=\"eltdf-accordion-mark\">\n\t\t<span class=\"eltdf_icon_plus icon_plus\"><\/span>\n\t\t<span class=\"eltdf_icon_minus icon_minus-06\"><\/span>\n\t<\/span>\n\t<span class=\"eltdf-tab-title\">R\u00e9mi Baille<\/span>\n<\/h6>\n<div class=\"eltdf-accordion-content\">\n\t<div class=\"eltdf-accordion-content-inner\">\n\t\t[vc_column_text]<\/p>\n<p style=\"text-align: justify;\"><strong><em><img loading=\"lazy\" decoding=\"async\" class=\"wp-image-5869 alignnone\" src=\"https:\/\/www.chateaudelarocheguyon.fr\/le-chateau-se-livre\/wp-content\/uploads\/2025\/02\/04_Les_enfants_de_la_crique-205x300.jpg\" alt=\"\" width=\"137\" height=\"200\" srcset=\"https:\/\/www.chateaudelarocheguyon.fr\/le-chateau-se-livre\/wp-content\/uploads\/2025\/02\/04_Les_enfants_de_la_crique-205x300.jpg 205w, https:\/\/www.chateaudelarocheguyon.fr\/le-chateau-se-livre\/wp-content\/uploads\/2025\/02\/04_Les_enfants_de_la_crique-699x1024.jpg 699w, https:\/\/www.chateaudelarocheguyon.fr\/le-chateau-se-livre\/wp-content\/uploads\/2025\/02\/04_Les_enfants_de_la_crique-768x1125.jpg 768w, https:\/\/www.chateaudelarocheguyon.fr\/le-chateau-se-livre\/wp-content\/uploads\/2025\/02\/04_Les_enfants_de_la_crique-1049x1536.jpg 1049w, https:\/\/www.chateaudelarocheguyon.fr\/le-chateau-se-livre\/wp-content\/uploads\/2025\/02\/04_Les_enfants_de_la_crique-1398x2048.jpg 1398w, https:\/\/www.chateaudelarocheguyon.fr\/le-chateau-se-livre\/wp-content\/uploads\/2025\/02\/04_Les_enfants_de_la_crique-scaled.jpg 1748w\" sizes=\"auto, (max-width: 137px) 100vw, 137px\" \/> <img loading=\"lazy\" decoding=\"async\" class=\"wp-image-5868 alignnone\" src=\"https:\/\/www.chateaudelarocheguyon.fr\/le-chateau-se-livre\/wp-content\/uploads\/2025\/02\/Remi_Baille_photo_c_Francois_Baille-200x300.jpg\" alt=\"\" width=\"133\" height=\"200\" srcset=\"https:\/\/www.chateaudelarocheguyon.fr\/le-chateau-se-livre\/wp-content\/uploads\/2025\/02\/Remi_Baille_photo_c_Francois_Baille-200x300.jpg 200w, https:\/\/www.chateaudelarocheguyon.fr\/le-chateau-se-livre\/wp-content\/uploads\/2025\/02\/Remi_Baille_photo_c_Francois_Baille-683x1024.jpg 683w, https:\/\/www.chateaudelarocheguyon.fr\/le-chateau-se-livre\/wp-content\/uploads\/2025\/02\/Remi_Baille_photo_c_Francois_Baille-768x1152.jpg 768w, https:\/\/www.chateaudelarocheguyon.fr\/le-chateau-se-livre\/wp-content\/uploads\/2025\/02\/Remi_Baille_photo_c_Francois_Baille-1024x1536.jpg 1024w, https:\/\/www.chateaudelarocheguyon.fr\/le-chateau-se-livre\/wp-content\/uploads\/2025\/02\/Remi_Baille_photo_c_Francois_Baille-1365x2048.jpg 1365w, https:\/\/www.chateaudelarocheguyon.fr\/le-chateau-se-livre\/wp-content\/uploads\/2025\/02\/Remi_Baille_photo_c_Francois_Baille-scaled.jpg 1707w\" sizes=\"auto, (max-width: 133px) 100vw, 133px\" \/><\/em><\/strong><\/p>\n<p style=\"text-align: justify;\"><strong><em>Les enfants de la crique<br \/>\n<\/em>\u00c9ditions Le bruit du monde<em><br \/>\n<\/em><\/strong><\/p>\n<p>R\u00e9mi Baille est n\u00e9 \u00e0 Toulon en 1993. Apr\u00e8s des \u00e9tudes \u00e0 l\u2019Institut d\u2019\u00c9tudes Politiques de Lille et en philosophie \u00e0 l\u2019Universit\u00e9 Paris 8, il collabore pendant trois ans avec France Culture \u00e0 la pr\u00e9paration de l\u2019\u00e9mission \u00ab Le temps du d\u00e9bat \u00bb. Il vit d\u00e9sormais \u00e0 Marseille et travaille pour Aix-Marseille Universit\u00e9. Co-fondateur de la revue litt\u00e9raire l\u2019<em>Allume-Feu<\/em>, il est membre du comit\u00e9 de r\u00e9daction de la revue <em>Esprit<\/em>.<\/p>\n<p>Portrait \u00a9 Fran\u00e7ois Baille[\/vc_column_text][vc_empty_space height=&#8221;18px&#8221;]\t<\/div>\n<\/div><h6 class=\"eltdf-accordion-title\">\n    <span class=\"eltdf-accordion-mark\">\n\t\t<span class=\"eltdf_icon_plus icon_plus\"><\/span>\n\t\t<span class=\"eltdf_icon_minus icon_minus-06\"><\/span>\n\t<\/span>\n\t<span class=\"eltdf-tab-title\">Delphine Bertholon<\/span>\n<\/h6>\n<div class=\"eltdf-accordion-content\">\n\t<div class=\"eltdf-accordion-content-inner\">\n\t\t[vc_column_text]<\/p>\n<p style=\"text-align: justify;\"><strong><em><img loading=\"lazy\" decoding=\"async\" class=\"alignnone wp-image-6005\" src=\"https:\/\/www.chateaudelarocheguyon.fr\/le-chateau-se-livre\/wp-content\/uploads\/2025\/04\/9782283040089-205x300.jpg\" alt=\"\" width=\"137\" height=\"200\" srcset=\"https:\/\/www.chateaudelarocheguyon.fr\/le-chateau-se-livre\/wp-content\/uploads\/2025\/04\/9782283040089-205x300.jpg 205w, https:\/\/www.chateaudelarocheguyon.fr\/le-chateau-se-livre\/wp-content\/uploads\/2025\/04\/9782283040089-700x1024.jpg 700w, https:\/\/www.chateaudelarocheguyon.fr\/le-chateau-se-livre\/wp-content\/uploads\/2025\/04\/9782283040089-768x1123.jpg 768w, https:\/\/www.chateaudelarocheguyon.fr\/le-chateau-se-livre\/wp-content\/uploads\/2025\/04\/9782283040089-1051x1536.jpg 1051w, https:\/\/www.chateaudelarocheguyon.fr\/le-chateau-se-livre\/wp-content\/uploads\/2025\/04\/9782283040089-1401x2048.jpg 1401w, https:\/\/www.chateaudelarocheguyon.fr\/le-chateau-se-livre\/wp-content\/uploads\/2025\/04\/9782283040089.jpg 1535w\" sizes=\"auto, (max-width: 137px) 100vw, 137px\" \/> <\/em><\/strong><img loading=\"lazy\" decoding=\"async\" class=\"alignnone wp-image-6006\" src=\"https:\/\/www.chateaudelarocheguyon.fr\/le-chateau-se-livre\/wp-content\/uploads\/2025\/04\/BERTHOLON_Delphine_cPhilippe_Matsas-300x240.jpg\" alt=\"\" width=\"250\" height=\"200\" srcset=\"https:\/\/www.chateaudelarocheguyon.fr\/le-chateau-se-livre\/wp-content\/uploads\/2025\/04\/BERTHOLON_Delphine_cPhilippe_Matsas-300x240.jpg 300w, https:\/\/www.chateaudelarocheguyon.fr\/le-chateau-se-livre\/wp-content\/uploads\/2025\/04\/BERTHOLON_Delphine_cPhilippe_Matsas-1024x819.jpg 1024w, https:\/\/www.chateaudelarocheguyon.fr\/le-chateau-se-livre\/wp-content\/uploads\/2025\/04\/BERTHOLON_Delphine_cPhilippe_Matsas-768x614.jpg 768w, https:\/\/www.chateaudelarocheguyon.fr\/le-chateau-se-livre\/wp-content\/uploads\/2025\/04\/BERTHOLON_Delphine_cPhilippe_Matsas-1536x1229.jpg 1536w\" sizes=\"auto, (max-width: 250px) 100vw, 250px\" \/><\/p>\n<p style=\"text-align: justify;\"><strong><em>La Baronne perch\u00e9e<br \/>\n<\/em>\u00c9ditions Buchet-Chastel<em><br \/>\n<\/em><\/strong><\/p>\n<p>Delphine Bertholon est sc\u00e9nariste et romanci\u00e8re. Elle est notamment l\u2019autrice de <em>Twist<\/em>, du tr\u00e8s remarqu\u00e9 <em>Gr\u00e2ce<\/em> et de plusieurs romans pour la jeunesse.<\/p>\n<p>Portrait \u00a9 Philippe Matsas[\/vc_column_text][vc_empty_space height=&#8221;18px&#8221;]\t<\/div>\n<\/div><h6 class=\"eltdf-accordion-title\">\n    <span class=\"eltdf-accordion-mark\">\n\t\t<span class=\"eltdf_icon_plus icon_plus\"><\/span>\n\t\t<span class=\"eltdf_icon_minus icon_minus-06\"><\/span>\n\t<\/span>\n\t<span class=\"eltdf-tab-title\">Luca Brunoni<\/span>\n<\/h6>\n<div class=\"eltdf-accordion-content\">\n\t<div class=\"eltdf-accordion-content-inner\">\n\t\t[vc_column_text]<\/p>\n<p style=\"text-align: justify;\"><strong><em><img loading=\"lazy\" decoding=\"async\" class=\"alignnone wp-image-6053\" src=\"https:\/\/www.chateaudelarocheguyon.fr\/le-chateau-se-livre\/wp-content\/uploads\/2025\/04\/Couv-En-Surface-BRUNONI.webp\" alt=\"\" width=\"135\" height=\"200\" srcset=\"https:\/\/www.chateaudelarocheguyon.fr\/le-chateau-se-livre\/wp-content\/uploads\/2025\/04\/Couv-En-Surface-BRUNONI.webp 540w, https:\/\/www.chateaudelarocheguyon.fr\/le-chateau-se-livre\/wp-content\/uploads\/2025\/04\/Couv-En-Surface-BRUNONI-203x300.webp 203w\" sizes=\"auto, (max-width: 135px) 100vw, 135px\" \/> <\/em><\/strong><img loading=\"lazy\" decoding=\"async\" class=\"alignnone wp-image-6052\" src=\"https:\/\/www.chateaudelarocheguyon.fr\/le-chateau-se-livre\/wp-content\/uploads\/2025\/04\/Lucas-Brunoni.jpeg\" alt=\"\" width=\"147\" height=\"200\" srcset=\"https:\/\/www.chateaudelarocheguyon.fr\/le-chateau-se-livre\/wp-content\/uploads\/2025\/04\/Lucas-Brunoni.jpeg 474w, https:\/\/www.chateaudelarocheguyon.fr\/le-chateau-se-livre\/wp-content\/uploads\/2025\/04\/Lucas-Brunoni-220x300.jpeg 220w\" sizes=\"auto, (max-width: 147px) 100vw, 147px\" \/><\/p>\n<p style=\"text-align: justify;\"><strong><em>En surface<br \/>\n<\/em>\u00c9ditions Finitude<em><br \/>\n<\/em><\/strong><\/p>\n<p>\u00c9crivain et sc\u00e9nariste suisse, Luca Brunoni est n\u00e9 \u00e0 Lugano en 1982. Il vit actuellement \u00e0 Neuch\u00e2tel, en Suisse romande, o\u00f9 il a fait ses \u00e9tudes (il est dipl\u00f4m\u00e9 en droit et en litt\u00e9rature anglo-saxonne, auteur d\u2019une th\u00e8se sur Henry Miller). Son premier roman publi\u00e9 en France, <em>Les Silences<\/em> (Finitude, 2023), traduit par Joseph Incardona, a obtenu le Prix Jean Monnet des Jeunes Europ\u00e9ens.<\/p>\n<p>Portrait \u00a9 DR[\/vc_column_text][vc_empty_space height=&#8221;18px&#8221;]\t<\/div>\n<\/div><h6 class=\"eltdf-accordion-title\">\n    <span class=\"eltdf-accordion-mark\">\n\t\t<span class=\"eltdf_icon_plus icon_plus\"><\/span>\n\t\t<span class=\"eltdf_icon_minus icon_minus-06\"><\/span>\n\t<\/span>\n\t<span class=\"eltdf-tab-title\">Agn\u00e8s Clancier<\/span>\n<\/h6>\n<div class=\"eltdf-accordion-content\">\n\t<div class=\"eltdf-accordion-content-inner\">\n\t\t[vc_column_text]<strong><em><img loading=\"lazy\" decoding=\"async\" class=\"wp-image-5866 alignnone\" src=\"https:\/\/www.chateaudelarocheguyon.fr\/le-chateau-se-livre\/wp-content\/uploads\/2025\/02\/Couv-Agnes-Clancier-200x300.jpg\" alt=\"\" width=\"133\" height=\"200\" \/> <img loading=\"lazy\" decoding=\"async\" class=\"wp-image-5865 alignnone\" src=\"https:\/\/www.chateaudelarocheguyon.fr\/le-chateau-se-livre\/wp-content\/uploads\/2025\/02\/Photo-Agnes-Clancier-199x300.jpg\" alt=\"\" width=\"133\" height=\"200\" srcset=\"https:\/\/www.chateaudelarocheguyon.fr\/le-chateau-se-livre\/wp-content\/uploads\/2025\/02\/Photo-Agnes-Clancier-199x300.jpg 199w, https:\/\/www.chateaudelarocheguyon.fr\/le-chateau-se-livre\/wp-content\/uploads\/2025\/02\/Photo-Agnes-Clancier-680x1024.jpg 680w, https:\/\/www.chateaudelarocheguyon.fr\/le-chateau-se-livre\/wp-content\/uploads\/2025\/02\/Photo-Agnes-Clancier-768x1156.jpg 768w, https:\/\/www.chateaudelarocheguyon.fr\/le-chateau-se-livre\/wp-content\/uploads\/2025\/02\/Photo-Agnes-Clancier-1020x1536.jpg 1020w, https:\/\/www.chateaudelarocheguyon.fr\/le-chateau-se-livre\/wp-content\/uploads\/2025\/02\/Photo-Agnes-Clancier-1360x2048.jpg 1360w, https:\/\/www.chateaudelarocheguyon.fr\/le-chateau-se-livre\/wp-content\/uploads\/2025\/02\/Photo-Agnes-Clancier-scaled.jpg 1700w\" sizes=\"auto, (max-width: 133px) 100vw, 133px\" \/><\/em><\/strong><\/p>\n<p><strong><em>Dans le r\u00eave de l&#8217;arbre creux<\/em><\/strong><\/p>\n<p><strong>\u00c9ditions Payot<\/strong><\/p>\n<p>Agn\u00e8s Clancier a publi\u00e9 une dizaine de livres, dont <em>Le P\u00e8lerin de Manhattan<\/em> (Climats, 2003), <em>Port Jackson<\/em> (Gallimard, coll. Blanche), roman qui relate l\u2019installation des Europ\u00e9ens en Australie \u00e0 la fin du XVIIIe si\u00e8cle, et <em>Une trace dans le ciel<\/em> (Arl\u00e9a, 2017), inspir\u00e9 de la vie de Maryse Basti\u00e9, h\u00e9ro\u00efne de l\u2019aviation et r\u00e9sistante. Elle est \u00e9galement l\u2019autrice d\u2019un recueil de po\u00e8mes, <em>Out-back, disent-ils<\/em> (\u00c9ditions Henry, 2017), et de r\u00e9cits : <em>Karina Sokolova<\/em> (Arl\u00e9a, 2014) et <em>Pour l\u2019amour de Bastia<\/em> (Magellan &amp; Cie, 2021).<\/p>\n<p>Portrait \u00a9 Agn\u00e8s Clancier[\/vc_column_text][vc_empty_space height=&#8221;18px&#8221;]\t<\/div>\n<\/div><h6 class=\"eltdf-accordion-title\">\n    <span class=\"eltdf-accordion-mark\">\n\t\t<span class=\"eltdf_icon_plus icon_plus\"><\/span>\n\t\t<span class=\"eltdf_icon_minus icon_minus-06\"><\/span>\n\t<\/span>\n\t<span class=\"eltdf-tab-title\">Chlo\u00e9 Du Colombier<\/span>\n<\/h6>\n<div class=\"eltdf-accordion-content\">\n\t<div class=\"eltdf-accordion-content-inner\">\n\t\t[vc_column_text]<strong><em><img loading=\"lazy\" decoding=\"async\" class=\"wp-image-5968 alignnone\" src=\"https:\/\/www.chateaudelarocheguyon.fr\/le-chateau-se-livre\/wp-content\/uploads\/2025\/03\/9782352635352_1_75-265x300.jpg\" alt=\"\" width=\"177\" height=\"200\" srcset=\"https:\/\/www.chateaudelarocheguyon.fr\/le-chateau-se-livre\/wp-content\/uploads\/2025\/03\/9782352635352_1_75-265x300.jpg 265w, https:\/\/www.chateaudelarocheguyon.fr\/le-chateau-se-livre\/wp-content\/uploads\/2025\/03\/9782352635352_1_75.jpg 500w\" sizes=\"auto, (max-width: 177px) 100vw, 177px\" \/> <img loading=\"lazy\" decoding=\"async\" class=\"wp-image-5969 alignnone\" src=\"https:\/\/www.chateaudelarocheguyon.fr\/le-chateau-se-livre\/wp-content\/uploads\/2025\/03\/Portrait_ChloeDuColombier_\u00a9Clemence-Firmin-200x300.jpg\" alt=\"\" width=\"133\" height=\"200\" srcset=\"https:\/\/www.chateaudelarocheguyon.fr\/le-chateau-se-livre\/wp-content\/uploads\/2025\/03\/Portrait_ChloeDuColombier_\u00a9Clemence-Firmin-200x300.jpg 200w, https:\/\/www.chateaudelarocheguyon.fr\/le-chateau-se-livre\/wp-content\/uploads\/2025\/03\/Portrait_ChloeDuColombier_\u00a9Clemence-Firmin-683x1024.jpg 683w, https:\/\/www.chateaudelarocheguyon.fr\/le-chateau-se-livre\/wp-content\/uploads\/2025\/03\/Portrait_ChloeDuColombier_\u00a9Clemence-Firmin-768x1152.jpg 768w, https:\/\/www.chateaudelarocheguyon.fr\/le-chateau-se-livre\/wp-content\/uploads\/2025\/03\/Portrait_ChloeDuColombier_\u00a9Clemence-Firmin-1024x1536.jpg 1024w, https:\/\/www.chateaudelarocheguyon.fr\/le-chateau-se-livre\/wp-content\/uploads\/2025\/03\/Portrait_ChloeDuColombier_\u00a9Clemence-Firmin-1365x2048.jpg 1365w, https:\/\/www.chateaudelarocheguyon.fr\/le-chateau-se-livre\/wp-content\/uploads\/2025\/03\/Portrait_ChloeDuColombier_\u00a9Clemence-Firmin-scaled.jpg 1707w\" sizes=\"auto, (max-width: 133px) 100vw, 133px\" \/><\/em><\/strong><\/p>\n<p><strong><em>Plantes intr\u00e9pides<\/em><\/strong><\/p>\n<p><strong>\u00c9ditions du Ricochet<\/strong><\/p>\n<p><span style=\"font-weight: 400;\">Issue des Arts-D\u00e9co de Strasbourg, j\u2019ai travaill\u00e9 une dizaine d\u2019ann\u00e9es dans l\u2019\u00e9dition jeunesse en tant que graphiste free-lance. Je me consacre depuis 2013 \u00e0 l\u2019illustration et \u0153uvre essentiellement pour l\u2019\u00e9dition jeunesse (les \u00e9ditions du Ricochet, Gallimard Jeunesse, Casterman jeunesse), la presse jeunesse (Salamandre, Bayard) et le loisir cr\u00e9atif (Poppik).\u00a0<\/span><\/p>\n<p><span style=\"font-weight: 400;\">Au c\u0153ur de mon univers po\u00e9tique, a germ\u00e9 le go\u00fbt de la narration et de la transmission pour\u00a0\u00e9veiller les plus petits aux richesses du monde du vivant.\u00a0Et pour\u00a0les \u00e9merveiller via des r\u00eaveries qui r\u00e9inventent les liens\u00a0entre les humains et les v\u00e9g\u00e9taux, les champignons, les animaux, mais aussi les nuages, les volcans et les \u00e9toiles.\u00a0<\/span><\/p>\n<p>Portrait \u00a9 Cl\u00e9mence Firmin[\/vc_column_text][vc_empty_space height=&#8221;18px&#8221;]\t<\/div>\n<\/div><h6 class=\"eltdf-accordion-title\">\n    <span class=\"eltdf-accordion-mark\">\n\t\t<span class=\"eltdf_icon_plus icon_plus\"><\/span>\n\t\t<span class=\"eltdf_icon_minus icon_minus-06\"><\/span>\n\t<\/span>\n\t<span class=\"eltdf-tab-title\">Simon Fichet<\/span>\n<\/h6>\n<div class=\"eltdf-accordion-content\">\n\t<div class=\"eltdf-accordion-content-inner\">\n\t\t[vc_column_text]<strong><em><img loading=\"lazy\" decoding=\"async\" class=\"wp-image-5872 alignnone\" src=\"https:\/\/www.chateaudelarocheguyon.fr\/le-chateau-se-livre\/wp-content\/uploads\/2025\/02\/COUV-TORNADE-cyclades-208x300.jpg\" alt=\"\" width=\"138\" height=\"200\" srcset=\"https:\/\/www.chateaudelarocheguyon.fr\/le-chateau-se-livre\/wp-content\/uploads\/2025\/02\/COUV-TORNADE-cyclades-208x300.jpg 208w, https:\/\/www.chateaudelarocheguyon.fr\/le-chateau-se-livre\/wp-content\/uploads\/2025\/02\/COUV-TORNADE-cyclades-709x1024.jpg 709w, https:\/\/www.chateaudelarocheguyon.fr\/le-chateau-se-livre\/wp-content\/uploads\/2025\/02\/COUV-TORNADE-cyclades-768x1110.jpg 768w, https:\/\/www.chateaudelarocheguyon.fr\/le-chateau-se-livre\/wp-content\/uploads\/2025\/02\/COUV-TORNADE-cyclades-1063x1536.jpg 1063w, https:\/\/www.chateaudelarocheguyon.fr\/le-chateau-se-livre\/wp-content\/uploads\/2025\/02\/COUV-TORNADE-cyclades-1418x2048.jpg 1418w, https:\/\/www.chateaudelarocheguyon.fr\/le-chateau-se-livre\/wp-content\/uploads\/2025\/02\/COUV-TORNADE-cyclades.jpg 1594w\" sizes=\"auto, (max-width: 138px) 100vw, 138px\" \/> <img loading=\"lazy\" decoding=\"async\" class=\"wp-image-5873 alignnone\" src=\"https:\/\/www.chateaudelarocheguyon.fr\/le-chateau-se-livre\/wp-content\/uploads\/2025\/02\/portrait-simon-fichet-marchialy-Chloe-Vollmer-Lo-200x300.jpg\" alt=\"\" width=\"133\" height=\"200\" srcset=\"https:\/\/www.chateaudelarocheguyon.fr\/le-chateau-se-livre\/wp-content\/uploads\/2025\/02\/portrait-simon-fichet-marchialy-Chloe-Vollmer-Lo-200x300.jpg 200w, https:\/\/www.chateaudelarocheguyon.fr\/le-chateau-se-livre\/wp-content\/uploads\/2025\/02\/portrait-simon-fichet-marchialy-Chloe-Vollmer-Lo-683x1024.jpg 683w, https:\/\/www.chateaudelarocheguyon.fr\/le-chateau-se-livre\/wp-content\/uploads\/2025\/02\/portrait-simon-fichet-marchialy-Chloe-Vollmer-Lo-768x1152.jpg 768w, https:\/\/www.chateaudelarocheguyon.fr\/le-chateau-se-livre\/wp-content\/uploads\/2025\/02\/portrait-simon-fichet-marchialy-Chloe-Vollmer-Lo-1024x1536.jpg 1024w, https:\/\/www.chateaudelarocheguyon.fr\/le-chateau-se-livre\/wp-content\/uploads\/2025\/02\/portrait-simon-fichet-marchialy-Chloe-Vollmer-Lo-1365x2048.jpg 1365w, https:\/\/www.chateaudelarocheguyon.fr\/le-chateau-se-livre\/wp-content\/uploads\/2025\/02\/portrait-simon-fichet-marchialy-Chloe-Vollmer-Lo-scaled.jpg 1707w\" sizes=\"auto, (max-width: 133px) 100vw, 133px\" \/><\/em><\/strong><\/p>\n<p><strong><em>Tornade<\/em><\/strong><\/p>\n<p><strong>\u00c9ditions Marchialy<\/strong><\/p>\n<p>Journaliste r\u00e9alisateur, Simon Fichet parcourt le monde cam\u00e9ra au poing et travaille principalement pour la t\u00e9l\u00e9vision. <em>Tornade<\/em> est son premier r\u00e9cit litt\u00e9raire.<\/p>\n<p>Portrait \u00a9 Chloe Vollmer[\/vc_column_text][vc_empty_space height=&#8221;18px&#8221;]\t<\/div>\n<\/div><h6 class=\"eltdf-accordion-title\">\n    <span class=\"eltdf-accordion-mark\">\n\t\t<span class=\"eltdf_icon_plus icon_plus\"><\/span>\n\t\t<span class=\"eltdf_icon_minus icon_minus-06\"><\/span>\n\t<\/span>\n\t<span class=\"eltdf-tab-title\">Ga\u00eblle Josse<\/span>\n<\/h6>\n<div class=\"eltdf-accordion-content\">\n\t<div class=\"eltdf-accordion-content-inner\">\n\t\t[vc_column_text]<strong><em><img loading=\"lazy\" decoding=\"async\" class=\"alignnone wp-image-6000\" src=\"https:\/\/www.chateaudelarocheguyon.fr\/le-chateau-se-livre\/wp-content\/uploads\/2025\/04\/9782283039717-205x300.jpg\" alt=\"\" width=\"137\" height=\"200\" srcset=\"https:\/\/www.chateaudelarocheguyon.fr\/le-chateau-se-livre\/wp-content\/uploads\/2025\/04\/9782283039717-205x300.jpg 205w, https:\/\/www.chateaudelarocheguyon.fr\/le-chateau-se-livre\/wp-content\/uploads\/2025\/04\/9782283039717-700x1024.jpg 700w, https:\/\/www.chateaudelarocheguyon.fr\/le-chateau-se-livre\/wp-content\/uploads\/2025\/04\/9782283039717-768x1123.jpg 768w, https:\/\/www.chateaudelarocheguyon.fr\/le-chateau-se-livre\/wp-content\/uploads\/2025\/04\/9782283039717-1051x1536.jpg 1051w, https:\/\/www.chateaudelarocheguyon.fr\/le-chateau-se-livre\/wp-content\/uploads\/2025\/04\/9782283039717-1401x2048.jpg 1401w, https:\/\/www.chateaudelarocheguyon.fr\/le-chateau-se-livre\/wp-content\/uploads\/2025\/04\/9782283039717.jpg 1535w\" sizes=\"auto, (max-width: 137px) 100vw, 137px\" \/> <img loading=\"lazy\" decoding=\"async\" class=\"alignnone wp-image-6001\" src=\"https:\/\/www.chateaudelarocheguyon.fr\/le-chateau-se-livre\/wp-content\/uploads\/2025\/04\/JOSSE_Gaelle_cPhilippe_Matsas-300x300.jpg\" alt=\"\" width=\"200\" height=\"200\" srcset=\"https:\/\/www.chateaudelarocheguyon.fr\/le-chateau-se-livre\/wp-content\/uploads\/2025\/04\/JOSSE_Gaelle_cPhilippe_Matsas-300x300.jpg 300w, https:\/\/www.chateaudelarocheguyon.fr\/le-chateau-se-livre\/wp-content\/uploads\/2025\/04\/JOSSE_Gaelle_cPhilippe_Matsas-1024x1024.jpg 1024w, https:\/\/www.chateaudelarocheguyon.fr\/le-chateau-se-livre\/wp-content\/uploads\/2025\/04\/JOSSE_Gaelle_cPhilippe_Matsas-150x150.jpg 150w, https:\/\/www.chateaudelarocheguyon.fr\/le-chateau-se-livre\/wp-content\/uploads\/2025\/04\/JOSSE_Gaelle_cPhilippe_Matsas-768x768.jpg 768w, https:\/\/www.chateaudelarocheguyon.fr\/le-chateau-se-livre\/wp-content\/uploads\/2025\/04\/JOSSE_Gaelle_cPhilippe_Matsas-1536x1536.jpg 1536w, https:\/\/www.chateaudelarocheguyon.fr\/le-chateau-se-livre\/wp-content\/uploads\/2025\/04\/JOSSE_Gaelle_cPhilippe_Matsas-650x650.jpg 650w, https:\/\/www.chateaudelarocheguyon.fr\/le-chateau-se-livre\/wp-content\/uploads\/2025\/04\/JOSSE_Gaelle_cPhilippe_Matsas-1300x1300.jpg 1300w\" sizes=\"auto, (max-width: 200px) 100vw, 200px\" \/><\/em><\/strong><\/p>\n<p><strong><em>De nos blessures un royaume<\/em><\/strong><\/p>\n<p><strong>\u00c9ditions Buchet-Chastel<\/strong><\/p>\n<p>Venue \u00e0 l\u2019\u00e9criture par la po\u00e9sie, Ga\u00eblle Josse publie ses romans dans le groupe Libella depuis <em>Le Dernier Gardien d\u2019Ellis Island<\/em> (Notabilia, 2014). Dipl\u00f4m\u00e9e en droit, en journalisme et en psychologie clinique, elle travaille \u00e0 Paris et vit en r\u00e9gion parisienne.<\/p>\n<p>Portrait \u00a9 Philippe Matsas[\/vc_column_text][vc_empty_space height=&#8221;18px&#8221;]\t<\/div>\n<\/div><h6 class=\"eltdf-accordion-title\">\n    <span class=\"eltdf-accordion-mark\">\n\t\t<span class=\"eltdf_icon_plus icon_plus\"><\/span>\n\t\t<span class=\"eltdf_icon_minus icon_minus-06\"><\/span>\n\t<\/span>\n\t<span class=\"eltdf-tab-title\">Gaspard Koenig<\/span>\n<\/h6>\n<div class=\"eltdf-accordion-content\">\n\t<div class=\"eltdf-accordion-content-inner\">\n\t\t[vc_column_text]<strong><em> <img loading=\"lazy\" decoding=\"async\" class=\"alignnone wp-image-6024\" src=\"https:\/\/www.chateaudelarocheguyon.fr\/le-chateau-se-livre\/wp-content\/uploads\/2025\/04\/KOENIG_Agrophilosophie_Couv-e1745413882523.jpg\" alt=\"\" width=\"125\" height=\"200\" srcset=\"https:\/\/www.chateaudelarocheguyon.fr\/le-chateau-se-livre\/wp-content\/uploads\/2025\/04\/KOENIG_Agrophilosophie_Couv-e1745413882523.jpg 790w, https:\/\/www.chateaudelarocheguyon.fr\/le-chateau-se-livre\/wp-content\/uploads\/2025\/04\/KOENIG_Agrophilosophie_Couv-e1745413882523-187x300.jpg 187w, https:\/\/www.chateaudelarocheguyon.fr\/le-chateau-se-livre\/wp-content\/uploads\/2025\/04\/KOENIG_Agrophilosophie_Couv-e1745413882523-639x1024.jpg 639w, https:\/\/www.chateaudelarocheguyon.fr\/le-chateau-se-livre\/wp-content\/uploads\/2025\/04\/KOENIG_Agrophilosophie_Couv-e1745413882523-768x1231.jpg 768w\" sizes=\"auto, (max-width: 125px) 100vw, 125px\" \/> <img loading=\"lazy\" decoding=\"async\" class=\"alignnone wp-image-6025\" src=\"https:\/\/www.chateaudelarocheguyon.fr\/le-chateau-se-livre\/wp-content\/uploads\/2025\/04\/dans-agro-philosophie-son-dernier-ouvrage-gaspard-koenig-analyse-les-liens-entre-nature-et-liberte-photo-elodie-gregoire-1739212772.jpg\" alt=\"\" width=\"139\" height=\"200\" srcset=\"https:\/\/www.chateaudelarocheguyon.fr\/le-chateau-se-livre\/wp-content\/uploads\/2025\/04\/dans-agro-philosophie-son-dernier-ouvrage-gaspard-koenig-analyse-les-liens-entre-nature-et-liberte-photo-elodie-gregoire-1739212772.jpg 348w, https:\/\/www.chateaudelarocheguyon.fr\/le-chateau-se-livre\/wp-content\/uploads\/2025\/04\/dans-agro-philosophie-son-dernier-ouvrage-gaspard-koenig-analyse-les-liens-entre-nature-et-liberte-photo-elodie-gregoire-1739212772-209x300.jpg 209w\" sizes=\"auto, (max-width: 139px) 100vw, 139px\" \/><\/em><\/strong><\/p>\n<p><strong><em>Agrophilosophie<\/em><\/strong><\/p>\n<p><strong>\u00c9ditions de l&#8217;Observatoire<\/strong><\/p>\n<p>Dipl\u00f4m\u00e9e en droit, en Gaspard Koenig est philosophe et romancier. Apr\u00e8s le succ\u00e8s d\u2019<em>Humus<\/em>, <em>Agrophilosophie<\/em> propose une approche th\u00e9orique, pointue et didactique des grands sujets du roman.<\/p>\n<p>Portrait \u00a9 Elodie Gr\u00e9goire[\/vc_column_text][vc_empty_space height=&#8221;18px&#8221;]\t<\/div>\n<\/div><h6 class=\"eltdf-accordion-title\">\n    <span class=\"eltdf-accordion-mark\">\n\t\t<span class=\"eltdf_icon_plus icon_plus\"><\/span>\n\t\t<span class=\"eltdf_icon_minus icon_minus-06\"><\/span>\n\t<\/span>\n\t<span class=\"eltdf-tab-title\">Thibaut Lambert et Mathieu Siam<\/span>\n<\/h6>\n<div class=\"eltdf-accordion-content\">\n\t<div class=\"eltdf-accordion-content-inner\">\n\t\t[vc_column_text]<strong><em><img loading=\"lazy\" decoding=\"async\" class=\"wp-image-5911 alignnone\" src=\"https:\/\/www.chateaudelarocheguyon.fr\/le-chateau-se-livre\/wp-content\/uploads\/2025\/02\/couv-douanier-rousseau-216x300.png\" alt=\"\" width=\"144\" height=\"200\" srcset=\"https:\/\/www.chateaudelarocheguyon.fr\/le-chateau-se-livre\/wp-content\/uploads\/2025\/02\/couv-douanier-rousseau-216x300.png 216w, https:\/\/www.chateaudelarocheguyon.fr\/le-chateau-se-livre\/wp-content\/uploads\/2025\/02\/couv-douanier-rousseau-736x1024.png 736w, https:\/\/www.chateaudelarocheguyon.fr\/le-chateau-se-livre\/wp-content\/uploads\/2025\/02\/couv-douanier-rousseau-768x1069.png 768w, https:\/\/www.chateaudelarocheguyon.fr\/le-chateau-se-livre\/wp-content\/uploads\/2025\/02\/couv-douanier-rousseau-1104x1536.png 1104w, https:\/\/www.chateaudelarocheguyon.fr\/le-chateau-se-livre\/wp-content\/uploads\/2025\/02\/couv-douanier-rousseau.png 1302w\" sizes=\"auto, (max-width: 144px) 100vw, 144px\" \/>\u00a0 \u00a0<img loading=\"lazy\" decoding=\"async\" class=\"wp-image-5913 alignnone\" src=\"https:\/\/www.chateaudelarocheguyon.fr\/le-chateau-se-livre\/wp-content\/uploads\/2025\/02\/Thibault-Lambert-et-Mathieu-Sam-300x240.jpg\" alt=\"\" width=\"250\" height=\"200\" srcset=\"https:\/\/www.chateaudelarocheguyon.fr\/le-chateau-se-livre\/wp-content\/uploads\/2025\/02\/Thibault-Lambert-et-Mathieu-Sam-300x240.jpg 300w, https:\/\/www.chateaudelarocheguyon.fr\/le-chateau-se-livre\/wp-content\/uploads\/2025\/02\/Thibault-Lambert-et-Mathieu-Sam-1024x819.jpg 1024w, https:\/\/www.chateaudelarocheguyon.fr\/le-chateau-se-livre\/wp-content\/uploads\/2025\/02\/Thibault-Lambert-et-Mathieu-Sam-768x614.jpg 768w, https:\/\/www.chateaudelarocheguyon.fr\/le-chateau-se-livre\/wp-content\/uploads\/2025\/02\/Thibault-Lambert-et-Mathieu-Sam.jpg 1042w\" sizes=\"auto, (max-width: 250px) 100vw, 250px\" \/><\/em><\/strong><\/p>\n<p><strong><em>Les fronti\u00e8res du Douanier Rousseau<\/em><\/strong><\/p>\n<p><strong>\u00c9ditions Michel Lafon<\/strong><\/p>\n<p>Thibaut Lambert a \u00e9tudi\u00e9 \u00e0 l\u2019atelier BD de l\u2019Institut Saint-Luc \u00e0 Bruxelles. Il publie <em>Au coin d\u2019une ride<\/em> en 2014 puis <em>De rose et de noir<\/em> en 2017. <em>L\u2019amour n\u2019a pas d\u2019\u00e2ge<\/em> (2019) re\u00e7oit le prix Silver \u00e9conomie. Enfin, il publie <em>Si je reviens un jour<\/em>\u2026 en 2020.<\/p>\n<p>Mathieu Siam, auteur-illustrateur, signe ici le sc\u00e9nario de l\u2019album. Il vit en Nouvelle-Aquitaine. Form\u00e9 \u00e0 la litt\u00e9rature jeunesse, il publie <em>Galet<\/em> en 2016 (s\u00e9lection prix Michel-Tournier 2018), <em>Un arc-en-ciel<\/em> en 2018, puis <em>Empreintes<\/em> en 2020 aux \u00c9ditions Comme une orange. En 2019, il est laur\u00e9at du prix Voyage \u00e0 Bologne organis\u00e9 par la charte des auteurs et illustrateurs jeunesse.<\/p>\n<p>Portrait \u00a9 Elisabeth Roger\/DR[\/vc_column_text][vc_empty_space height=&#8221;18px&#8221;]\t<\/div>\n<\/div><h6 class=\"eltdf-accordion-title\">\n    <span class=\"eltdf-accordion-mark\">\n\t\t<span class=\"eltdf_icon_plus icon_plus\"><\/span>\n\t\t<span class=\"eltdf_icon_minus icon_minus-06\"><\/span>\n\t<\/span>\n\t<span class=\"eltdf-tab-title\">Ma\u00ebva Le Berre<\/span>\n<\/h6>\n<div class=\"eltdf-accordion-content\">\n\t<div class=\"eltdf-accordion-content-inner\">\n\t\t[vc_column_text]<strong><em><img loading=\"lazy\" decoding=\"async\" class=\"wp-image-5909 alignnone\" src=\"https:\/\/www.chateaudelarocheguyon.fr\/le-chateau-se-livre\/wp-content\/uploads\/2025\/02\/Maeva-le-berre-300x240.jpg\" alt=\"\" width=\"250\" height=\"200\" srcset=\"https:\/\/www.chateaudelarocheguyon.fr\/le-chateau-se-livre\/wp-content\/uploads\/2025\/02\/Maeva-le-berre-300x240.jpg 300w, https:\/\/www.chateaudelarocheguyon.fr\/le-chateau-se-livre\/wp-content\/uploads\/2025\/02\/Maeva-le-berre-1024x819.jpg 1024w, https:\/\/www.chateaudelarocheguyon.fr\/le-chateau-se-livre\/wp-content\/uploads\/2025\/02\/Maeva-le-berre-768x614.jpg 768w, https:\/\/www.chateaudelarocheguyon.fr\/le-chateau-se-livre\/wp-content\/uploads\/2025\/02\/Maeva-le-berre.jpg 1042w\" sizes=\"auto, (max-width: 250px) 100vw, 250px\" \/><\/em><\/strong><\/p>\n<p><strong>Lecture musicale <\/strong><\/p>\n<p><strong><em>Traverser les montagnes, et venir et na\u00eetre ici<\/em> &#8211; Marie Pavlenko<\/strong><\/p>\n<p>Profond et solaire, le son du violoncelle de Ma\u00ebva Le Berre r\u00e9sonne depuis une vingtaine d\u2019ann\u00e9es sur tout un pan de la sc\u00e8ne fran\u00e7aise. Apr\u00e8s un premier prix de conservatoire, elle prend son envol et encha\u00eene les tourn\u00e9es en France et \u00e0 l\u2019\u00e9tranger aux c\u00f4t\u00e9s de grands noms de la pop et de la chanson comme Albin de la Simone, J.P. Nataf, Jacques Higelin, Hubert-F\u00e9lix Thi\u00e9faine, Piers Faccini, AaRON, Nouvelle Vague&#8230; Musicienne et arrangeuse, elle compose pour le th\u00e9\u00e2tre et le cin\u00e9ma et collabore \u00e0 des lectures musicales. Elle explore aussi le r\u00e9pertoire classique avec <em>Ici-bas \u2013 Les M\u00e9lodies de Gabriel Faur\u00e9<\/em>, pr\u00e9sent\u00e9 au Festival d\u2019Avignon.<\/p>\n<p>Portrait \u00a9 Dominique Houcmant[\/vc_column_text][vc_empty_space height=&#8221;18px&#8221;]\t<\/div>\n<\/div><h6 class=\"eltdf-accordion-title\">\n    <span class=\"eltdf-accordion-mark\">\n\t\t<span class=\"eltdf_icon_plus icon_plus\"><\/span>\n\t\t<span class=\"eltdf_icon_minus icon_minus-06\"><\/span>\n\t<\/span>\n\t<span class=\"eltdf-tab-title\">Marion Lejeune<\/span>\n<\/h6>\n<div class=\"eltdf-accordion-content\">\n\t<div class=\"eltdf-accordion-content-inner\">\n\t\t[vc_column_text]<strong><em><img loading=\"lazy\" decoding=\"async\" class=\"wp-image-5875 alignnone\" src=\"https:\/\/www.chateaudelarocheguyon.fr\/le-chateau-se-livre\/wp-content\/uploads\/2025\/02\/03_L_escale-205x300.jpg\" alt=\"\" width=\"137\" height=\"200\" srcset=\"https:\/\/www.chateaudelarocheguyon.fr\/le-chateau-se-livre\/wp-content\/uploads\/2025\/02\/03_L_escale-205x300.jpg 205w, https:\/\/www.chateaudelarocheguyon.fr\/le-chateau-se-livre\/wp-content\/uploads\/2025\/02\/03_L_escale-699x1024.jpg 699w, https:\/\/www.chateaudelarocheguyon.fr\/le-chateau-se-livre\/wp-content\/uploads\/2025\/02\/03_L_escale-768x1125.jpg 768w, https:\/\/www.chateaudelarocheguyon.fr\/le-chateau-se-livre\/wp-content\/uploads\/2025\/02\/03_L_escale-1049x1536.jpg 1049w, https:\/\/www.chateaudelarocheguyon.fr\/le-chateau-se-livre\/wp-content\/uploads\/2025\/02\/03_L_escale-1398x2048.jpg 1398w, https:\/\/www.chateaudelarocheguyon.fr\/le-chateau-se-livre\/wp-content\/uploads\/2025\/02\/03_L_escale-scaled.jpg 1748w\" sizes=\"auto, (max-width: 137px) 100vw, 137px\" \/> <img loading=\"lazy\" decoding=\"async\" class=\"wp-image-5876 alignnone\" src=\"https:\/\/www.chateaudelarocheguyon.fr\/le-chateau-se-livre\/wp-content\/uploads\/2025\/02\/Marion_Lejeune_tous_droits_reserves-236x300.jpg\" alt=\"\" width=\"158\" height=\"200\" srcset=\"https:\/\/www.chateaudelarocheguyon.fr\/le-chateau-se-livre\/wp-content\/uploads\/2025\/02\/Marion_Lejeune_tous_droits_reserves-236x300.jpg 236w, https:\/\/www.chateaudelarocheguyon.fr\/le-chateau-se-livre\/wp-content\/uploads\/2025\/02\/Marion_Lejeune_tous_droits_reserves-807x1024.jpg 807w, https:\/\/www.chateaudelarocheguyon.fr\/le-chateau-se-livre\/wp-content\/uploads\/2025\/02\/Marion_Lejeune_tous_droits_reserves-768x975.jpg 768w, https:\/\/www.chateaudelarocheguyon.fr\/le-chateau-se-livre\/wp-content\/uploads\/2025\/02\/Marion_Lejeune_tous_droits_reserves-1210x1536.jpg 1210w, https:\/\/www.chateaudelarocheguyon.fr\/le-chateau-se-livre\/wp-content\/uploads\/2025\/02\/Marion_Lejeune_tous_droits_reserves-1614x2048.jpg 1614w\" sizes=\"auto, (max-width: 158px) 100vw, 158px\" \/><\/em><\/strong><\/p>\n<p><strong><em>L&#8217;escale<br \/>\n<\/em>\u00c9ditions Le bruit du monde<\/strong><\/p>\n<p>Marion Lejeune est n\u00e9e en 1988 \u00e0 Grenoble. Elle a voyag\u00e9 en Islande, dans les pays scandinaves et en Russie. <em>L\u2019Escale<\/em> est son premier roman.<\/p>\n<p>Portrait \u00a9 DR[\/vc_column_text][vc_empty_space height=&#8221;18px&#8221;]\t<\/div>\n<\/div><h6 class=\"eltdf-accordion-title\">\n    <span class=\"eltdf-accordion-mark\">\n\t\t<span class=\"eltdf_icon_plus icon_plus\"><\/span>\n\t\t<span class=\"eltdf_icon_minus icon_minus-06\"><\/span>\n\t<\/span>\n\t<span class=\"eltdf-tab-title\">Marie Lescroart<\/span>\n<\/h6>\n<div class=\"eltdf-accordion-content\">\n\t<div class=\"eltdf-accordion-content-inner\">\n\t\t[vc_column_text]<strong><em><img loading=\"lazy\" decoding=\"async\" class=\"wp-image-5952 alignnone\" src=\"https:\/\/www.chateaudelarocheguyon.fr\/le-chateau-se-livre\/wp-content\/uploads\/2025\/03\/Lescroart-Marie-le_ptit_ocean_COUV_HD_editions_ricochet-298x300.jpg\" alt=\"\" width=\"199\" height=\"200\" srcset=\"https:\/\/www.chateaudelarocheguyon.fr\/le-chateau-se-livre\/wp-content\/uploads\/2025\/03\/Lescroart-Marie-le_ptit_ocean_COUV_HD_editions_ricochet-298x300.jpg 298w, https:\/\/www.chateaudelarocheguyon.fr\/le-chateau-se-livre\/wp-content\/uploads\/2025\/03\/Lescroart-Marie-le_ptit_ocean_COUV_HD_editions_ricochet-1019x1024.jpg 1019w, https:\/\/www.chateaudelarocheguyon.fr\/le-chateau-se-livre\/wp-content\/uploads\/2025\/03\/Lescroart-Marie-le_ptit_ocean_COUV_HD_editions_ricochet-150x150.jpg 150w, https:\/\/www.chateaudelarocheguyon.fr\/le-chateau-se-livre\/wp-content\/uploads\/2025\/03\/Lescroart-Marie-le_ptit_ocean_COUV_HD_editions_ricochet-768x772.jpg 768w, https:\/\/www.chateaudelarocheguyon.fr\/le-chateau-se-livre\/wp-content\/uploads\/2025\/03\/Lescroart-Marie-le_ptit_ocean_COUV_HD_editions_ricochet-1528x1536.jpg 1528w, https:\/\/www.chateaudelarocheguyon.fr\/le-chateau-se-livre\/wp-content\/uploads\/2025\/03\/Lescroart-Marie-le_ptit_ocean_COUV_HD_editions_ricochet-650x650.jpg 650w, https:\/\/www.chateaudelarocheguyon.fr\/le-chateau-se-livre\/wp-content\/uploads\/2025\/03\/Lescroart-Marie-le_ptit_ocean_COUV_HD_editions_ricochet-1300x1300.jpg 1300w\" sizes=\"auto, (max-width: 199px) 100vw, 199px\" \/> <img loading=\"lazy\" decoding=\"async\" class=\"wp-image-5953 alignnone\" src=\"https:\/\/www.chateaudelarocheguyon.fr\/le-chateau-se-livre\/wp-content\/uploads\/2025\/03\/Marie-Lescroart-300x207.jpg\" alt=\"\" width=\"290\" height=\"200\" srcset=\"https:\/\/www.chateaudelarocheguyon.fr\/le-chateau-se-livre\/wp-content\/uploads\/2025\/03\/Marie-Lescroart-300x207.jpg 300w, https:\/\/www.chateaudelarocheguyon.fr\/le-chateau-se-livre\/wp-content\/uploads\/2025\/03\/Marie-Lescroart.jpg 640w\" sizes=\"auto, (max-width: 290px) 100vw, 290px\" \/><\/em><\/strong><\/p>\n<p><strong><em>Le p&#8217;tit oc\u00e9an<br \/>\n<\/em>\u00c9ditions du ricochet<\/strong><\/p>\n<p><span style=\"font-weight: 400;\">Elle \u00e9tait bien partie pour \u00eatre oc\u00e9anographe, mais Marie Lescroart a bifurqu\u00e9 <\/span><i><span style=\"font-weight: 400;\">in extremis <\/span><\/i><span style=\"font-weight: 400;\">vers le journalisme scientifique. Depuis, elle \u00e9crit des articles, des ouvrages documentaires et des albums pour la jeunesse, et anime des ateliers sur la nature. Elle pr\u00eate aussi sa plume \u00e0 l\u2019Office fran\u00e7ais pour la biodiversit\u00e9 (OFB), organisme public qui \u0153uvre pour la protection des esp\u00e8ces non humaines.<\/span><\/p>\n<p>Portrait \u00a9 DR[\/vc_column_text][vc_empty_space height=&#8221;18px&#8221;]\t<\/div>\n<\/div><h6 class=\"eltdf-accordion-title\">\n    <span class=\"eltdf-accordion-mark\">\n\t\t<span class=\"eltdf_icon_plus icon_plus\"><\/span>\n\t\t<span class=\"eltdf_icon_minus icon_minus-06\"><\/span>\n\t<\/span>\n\t<span class=\"eltdf-tab-title\">Anne-Solange Muis<\/span>\n<\/h6>\n<div class=\"eltdf-accordion-content\">\n\t<div class=\"eltdf-accordion-content-inner\">\n\t\t[vc_column_text]<strong><em><img loading=\"lazy\" decoding=\"async\" class=\"alignnone wp-image-5847\" src=\"https:\/\/www.chateaudelarocheguyon.fr\/le-chateau-se-livre\/wp-content\/uploads\/2025\/02\/Une-ile-pour-elle-205x300.jpg\" alt=\"\" width=\"137\" height=\"200\" \/> <img loading=\"lazy\" decoding=\"async\" class=\"alignnone wp-image-6010\" src=\"https:\/\/www.chateaudelarocheguyon.fr\/le-chateau-se-livre\/wp-content\/uploads\/2025\/04\/AnneSolange-MuiscVincentLappartient-200x300.jpg\" alt=\"\" width=\"133\" height=\"200\" srcset=\"https:\/\/www.chateaudelarocheguyon.fr\/le-chateau-se-livre\/wp-content\/uploads\/2025\/04\/AnneSolange-MuiscVincentLappartient-200x300.jpg 200w, https:\/\/www.chateaudelarocheguyon.fr\/le-chateau-se-livre\/wp-content\/uploads\/2025\/04\/AnneSolange-MuiscVincentLappartient-683x1024.jpg 683w, https:\/\/www.chateaudelarocheguyon.fr\/le-chateau-se-livre\/wp-content\/uploads\/2025\/04\/AnneSolange-MuiscVincentLappartient-768x1152.jpg 768w, https:\/\/www.chateaudelarocheguyon.fr\/le-chateau-se-livre\/wp-content\/uploads\/2025\/04\/AnneSolange-MuiscVincentLappartient-1024x1536.jpg 1024w, https:\/\/www.chateaudelarocheguyon.fr\/le-chateau-se-livre\/wp-content\/uploads\/2025\/04\/AnneSolange-MuiscVincentLappartient-1365x2048.jpg 1365w, https:\/\/www.chateaudelarocheguyon.fr\/le-chateau-se-livre\/wp-content\/uploads\/2025\/04\/AnneSolange-MuiscVincentLappartient-scaled.jpg 1706w\" sizes=\"auto, (max-width: 133px) 100vw, 133px\" \/><\/em><\/strong><\/p>\n<p><strong><em>Une \u00eele pour elle<br \/>\n<\/em>\u00c9ditions Ph\u00e9bus<\/strong><\/p>\n<p>Anne-Solange Muis est docteure en g\u00e9ographie. Elle partage son temps entre Paris o\u00f9 elle vit et des exp\u00e9ditions lointaines. Apr\u00e8s avoir \u00e9t\u00e9 enseignante et chercheuse dans diverses universit\u00e9s, elle a cr\u00e9\u00e9 en 2020 la maison d\u2019\u00e9dition Terre Urbaine qui publie des essais en sciences humaines autour de l\u2019\u00e9cologie, des territoires et de la ville. <em>Une \u00eele pour elle<\/em> est son premier roman.<\/p>\n<p>Portrait \u00a9 Vincent Lappartient[\/vc_column_text][vc_empty_space height=&#8221;18px&#8221;]\t<\/div>\n<\/div><h6 class=\"eltdf-accordion-title\">\n    <span class=\"eltdf-accordion-mark\">\n\t\t<span class=\"eltdf_icon_plus icon_plus\"><\/span>\n\t\t<span class=\"eltdf_icon_minus icon_minus-06\"><\/span>\n\t<\/span>\n\t<span class=\"eltdf-tab-title\">Marie Pavlenko<\/span>\n<\/h6>\n<div class=\"eltdf-accordion-content\">\n\t<div class=\"eltdf-accordion-content-inner\">\n\t\t[vc_column_text]<strong><em><img loading=\"lazy\" decoding=\"async\" class=\"wp-image-5877 alignnone\" src=\"https:\/\/www.chateaudelarocheguyon.fr\/le-chateau-se-livre\/wp-content\/uploads\/2025\/02\/9782365698078ORI-1-187x300.jpg\" alt=\"\" width=\"125\" height=\"200\" srcset=\"https:\/\/www.chateaudelarocheguyon.fr\/le-chateau-se-livre\/wp-content\/uploads\/2025\/02\/9782365698078ORI-1-187x300.jpg 187w, https:\/\/www.chateaudelarocheguyon.fr\/le-chateau-se-livre\/wp-content\/uploads\/2025\/02\/9782365698078ORI-1-637x1024.jpg 637w, https:\/\/www.chateaudelarocheguyon.fr\/le-chateau-se-livre\/wp-content\/uploads\/2025\/02\/9782365698078ORI-1-768x1234.jpg 768w, https:\/\/www.chateaudelarocheguyon.fr\/le-chateau-se-livre\/wp-content\/uploads\/2025\/02\/9782365698078ORI-1-956x1536.jpg 956w, https:\/\/www.chateaudelarocheguyon.fr\/le-chateau-se-livre\/wp-content\/uploads\/2025\/02\/9782365698078ORI-1-1275x2048.jpg 1275w, https:\/\/www.chateaudelarocheguyon.fr\/le-chateau-se-livre\/wp-content\/uploads\/2025\/02\/9782365698078ORI-1-scaled.jpg 1594w\" sizes=\"auto, (max-width: 125px) 100vw, 125px\" \/> <img loading=\"lazy\" decoding=\"async\" class=\"wp-image-5878 alignnone\" src=\"https:\/\/www.chateaudelarocheguyon.fr\/le-chateau-se-livre\/wp-content\/uploads\/2025\/02\/Marie-Pavlenko-300x300.jpg\" alt=\"\" width=\"200\" height=\"200\" srcset=\"https:\/\/www.chateaudelarocheguyon.fr\/le-chateau-se-livre\/wp-content\/uploads\/2025\/02\/Marie-Pavlenko-300x300.jpg 300w, https:\/\/www.chateaudelarocheguyon.fr\/le-chateau-se-livre\/wp-content\/uploads\/2025\/02\/Marie-Pavlenko-1024x1024.jpg 1024w, https:\/\/www.chateaudelarocheguyon.fr\/le-chateau-se-livre\/wp-content\/uploads\/2025\/02\/Marie-Pavlenko-150x150.jpg 150w, https:\/\/www.chateaudelarocheguyon.fr\/le-chateau-se-livre\/wp-content\/uploads\/2025\/02\/Marie-Pavlenko-768x768.jpg 768w, https:\/\/www.chateaudelarocheguyon.fr\/le-chateau-se-livre\/wp-content\/uploads\/2025\/02\/Marie-Pavlenko-1536x1536.jpg 1536w, https:\/\/www.chateaudelarocheguyon.fr\/le-chateau-se-livre\/wp-content\/uploads\/2025\/02\/Marie-Pavlenko-650x650.jpg 650w, https:\/\/www.chateaudelarocheguyon.fr\/le-chateau-se-livre\/wp-content\/uploads\/2025\/02\/Marie-Pavlenko-1300x1300.jpg 1300w\" sizes=\"auto, (max-width: 200px) 100vw, 200px\" \/><\/em><\/strong><\/p>\n<p><strong><em>Traverser les montagnes, et venir na\u00eetre ici<br \/>\n<\/em>\u00c9ditions Les Escales<em><br \/>\n<\/em><\/strong><\/p>\n<p><strong><em>\u00a0<\/em><\/strong>Marie Pavlenko\u00a0vit entre la r\u00e9gion parisienne et les montagnes c\u00e9venoles.\u00a0Elle compose depuis bient\u00f4t quinze ans une \u0153uvre originale, pour tous les publics et sous une diversit\u00e9 de formes, o\u00f9 s\u2019articulent les th\u00e8mes de la m\u00e9tamorphose, de l\u2019alt\u00e9rit\u00e9, des liens tiss\u00e9s avec le vivant. Dr\u00f4les, po\u00e9tiques ou tragiques, ses textes sont marqu\u00e9s par son engagement pour les droits des femmes et de la nature sauvage, ils mettent en sc\u00e8ne des personnages en marge, fragiles, obstin\u00e9s, r\u00e9silients.<\/p>\n<p>Salu\u00e9e par de nombreuses distinctions, dont le Grand Prix de la Soci\u00e9t\u00e9 des gens de lettres en 2020, Marie Pavlenko est traduite dans une quinzaine de langues.\u00a0<em>Traverser les montagnes, et venir na\u00eetre ici<\/em>\u00a0est son premier roman aux \u00e9ditions Les Escales.<\/p>\n<p>Portrait \u00a9 DR[\/vc_column_text][vc_empty_space height=&#8221;18px&#8221;]\t<\/div>\n<\/div><h6 class=\"eltdf-accordion-title\">\n    <span class=\"eltdf-accordion-mark\">\n\t\t<span class=\"eltdf_icon_plus icon_plus\"><\/span>\n\t\t<span class=\"eltdf_icon_minus icon_minus-06\"><\/span>\n\t<\/span>\n\t<span class=\"eltdf-tab-title\">Martin Provost<\/span>\n<\/h6>\n<div class=\"eltdf-accordion-content\">\n\t<div class=\"eltdf-accordion-content-inner\">\n\t\t[vc_column_text]<strong><em><img loading=\"lazy\" decoding=\"async\" class=\"alignnone wp-image-6015\" src=\"https:\/\/www.chateaudelarocheguyon.fr\/le-chateau-se-livre\/wp-content\/uploads\/2025\/04\/91K1Nq3eWvL-222x300.jpg\" alt=\"\" width=\"148\" height=\"200\" srcset=\"https:\/\/www.chateaudelarocheguyon.fr\/le-chateau-se-livre\/wp-content\/uploads\/2025\/04\/91K1Nq3eWvL-222x300.jpg 222w, https:\/\/www.chateaudelarocheguyon.fr\/le-chateau-se-livre\/wp-content\/uploads\/2025\/04\/91K1Nq3eWvL-757x1024.jpg 757w, https:\/\/www.chateaudelarocheguyon.fr\/le-chateau-se-livre\/wp-content\/uploads\/2025\/04\/91K1Nq3eWvL-768x1039.jpg 768w, https:\/\/www.chateaudelarocheguyon.fr\/le-chateau-se-livre\/wp-content\/uploads\/2025\/04\/91K1Nq3eWvL-1135x1536.jpg 1135w, https:\/\/www.chateaudelarocheguyon.fr\/le-chateau-se-livre\/wp-content\/uploads\/2025\/04\/91K1Nq3eWvL-1514x2048.jpg 1514w, https:\/\/www.chateaudelarocheguyon.fr\/le-chateau-se-livre\/wp-content\/uploads\/2025\/04\/91K1Nq3eWvL.jpg 1892w\" sizes=\"auto, (max-width: 148px) 100vw, 148px\" \/> <\/em><\/strong><img loading=\"lazy\" decoding=\"async\" class=\"alignnone wp-image-6016\" src=\"https:\/\/www.chateaudelarocheguyon.fr\/le-chateau-se-livre\/wp-content\/uploads\/2025\/04\/martin-provost-bonnard-pierre-et-marthe-150x150.jpg\" alt=\"\" width=\"199\" height=\"185\" srcset=\"https:\/\/www.chateaudelarocheguyon.fr\/le-chateau-se-livre\/wp-content\/uploads\/2025\/04\/martin-provost-bonnard-pierre-et-marthe-300x279.jpg 300w, https:\/\/www.chateaudelarocheguyon.fr\/le-chateau-se-livre\/wp-content\/uploads\/2025\/04\/martin-provost-bonnard-pierre-et-marthe.jpg 565w\" sizes=\"auto, (max-width: 199px) 100vw, 199px\" \/><\/p>\n<p><strong><em>Bonnard, Pierre et Marthe<br \/>\n<\/em>\u00c9ditions Ph\u00e9bus<em><br \/>\n<\/em><\/strong><\/p>\n<p>N\u00e9 \u00e0 Brest, cin\u00e9aste et \u00e9crivain, Martin Provost a r\u00e9alis\u00e9 huit longs m\u00e9trages, dont S\u00e9raphine, pl\u00e9biscit\u00e9 par la presse, le public, et r\u00e9compens\u00e9 en 2009 par 7 C\u00e9sars.<\/p>\n<p>Portrait \u00a9 DR[\/vc_column_text][vc_empty_space height=&#8221;18px&#8221;]\t<\/div>\n<\/div><h6 class=\"eltdf-accordion-title\">\n    <span class=\"eltdf-accordion-mark\">\n\t\t<span class=\"eltdf_icon_plus icon_plus\"><\/span>\n\t\t<span class=\"eltdf_icon_minus icon_minus-06\"><\/span>\n\t<\/span>\n\t<span class=\"eltdf-tab-title\">Mathilde Ramadier<\/span>\n<\/h6>\n<div class=\"eltdf-accordion-content\">\n\t<div class=\"eltdf-accordion-content-inner\">\n\t\t[vc_empty_space height=&#8221;18px&#8221;][vc_column_text]<strong><em><img loading=\"lazy\" decoding=\"async\" class=\"wp-image-5947 alignnone\" src=\"https:\/\/www.chateaudelarocheguyon.fr\/le-chateau-se-livre\/wp-content\/uploads\/2025\/03\/Renouer-avec-la-Terre.-Plaidoyer-pour-un-nouveau-sublime-198x300.jpg\" alt=\"\" width=\"132\" height=\"200\" srcset=\"https:\/\/www.chateaudelarocheguyon.fr\/le-chateau-se-livre\/wp-content\/uploads\/2025\/03\/Renouer-avec-la-Terre.-Plaidoyer-pour-un-nouveau-sublime-198x300.jpg 198w, https:\/\/www.chateaudelarocheguyon.fr\/le-chateau-se-livre\/wp-content\/uploads\/2025\/03\/Renouer-avec-la-Terre.-Plaidoyer-pour-un-nouveau-sublime-675x1024.jpg 675w, https:\/\/www.chateaudelarocheguyon.fr\/le-chateau-se-livre\/wp-content\/uploads\/2025\/03\/Renouer-avec-la-Terre.-Plaidoyer-pour-un-nouveau-sublime-768x1165.jpg 768w, https:\/\/www.chateaudelarocheguyon.fr\/le-chateau-se-livre\/wp-content\/uploads\/2025\/03\/Renouer-avec-la-Terre.-Plaidoyer-pour-un-nouveau-sublime-1013x1536.jpg 1013w, https:\/\/www.chateaudelarocheguyon.fr\/le-chateau-se-livre\/wp-content\/uploads\/2025\/03\/Renouer-avec-la-Terre.-Plaidoyer-pour-un-nouveau-sublime-1350x2048.jpg 1350w, https:\/\/www.chateaudelarocheguyon.fr\/le-chateau-se-livre\/wp-content\/uploads\/2025\/03\/Renouer-avec-la-Terre.-Plaidoyer-pour-un-nouveau-sublime-scaled.jpg 1688w\" sizes=\"auto, (max-width: 132px) 100vw, 132px\" \/> <img loading=\"lazy\" decoding=\"async\" class=\"wp-image-5946 alignnone\" src=\"https:\/\/www.chateaudelarocheguyon.fr\/le-chateau-se-livre\/wp-content\/uploads\/2025\/03\/Ramadier-Mathilde-\u00a9-Jerome-Panconi-200x300.jpg\" alt=\"\" width=\"133\" height=\"200\" srcset=\"https:\/\/www.chateaudelarocheguyon.fr\/le-chateau-se-livre\/wp-content\/uploads\/2025\/03\/Ramadier-Mathilde-\u00a9-Jerome-Panconi-200x300.jpg 200w, https:\/\/www.chateaudelarocheguyon.fr\/le-chateau-se-livre\/wp-content\/uploads\/2025\/03\/Ramadier-Mathilde-\u00a9-Jerome-Panconi-683x1024.jpg 683w, https:\/\/www.chateaudelarocheguyon.fr\/le-chateau-se-livre\/wp-content\/uploads\/2025\/03\/Ramadier-Mathilde-\u00a9-Jerome-Panconi-768x1152.jpg 768w, https:\/\/www.chateaudelarocheguyon.fr\/le-chateau-se-livre\/wp-content\/uploads\/2025\/03\/Ramadier-Mathilde-\u00a9-Jerome-Panconi-1024x1536.jpg 1024w, https:\/\/www.chateaudelarocheguyon.fr\/le-chateau-se-livre\/wp-content\/uploads\/2025\/03\/Ramadier-Mathilde-\u00a9-Jerome-Panconi-1365x2048.jpg 1365w, https:\/\/www.chateaudelarocheguyon.fr\/le-chateau-se-livre\/wp-content\/uploads\/2025\/03\/Ramadier-Mathilde-\u00a9-Jerome-Panconi-scaled.jpg 1707w\" sizes=\"auto, (max-width: 133px) 100vw, 133px\" \/><\/em><\/strong><\/p>\n<p><strong><em>Renouer avec la Terre\u00a0<\/em><\/strong><\/p>\n<p><strong>\u00c9ditions Seuil<\/strong><\/p>\n<p>Mathilde Ramadier est une essayiste et dessinatrice de 37 ans. Elle \u00e9crit sur les sujets phares de sa g\u00e9n\u00e9ration : le f\u00e9minisme et l\u2019\u00e9cologie. Elle a publi\u00e9 une douzaine de livres dont, sur l\u2019\u00e9cologie, trois essais et une BD r\u00e9compens\u00e9e. Son pr\u00e9c\u00e9dent ouvrage, <em>Vivre fluide<\/em>. <em>Quand les femmes s\u2019\u00e9mancipent de l\u2019h\u00e9t\u00e9rosexualit\u00e9<\/em> parait simultan\u00e9ment en Points f\u00e9ministe.<\/p>\n<p>Portrait \u00a9 J\u00e9r\u00f4me Panconi[\/vc_column_text]\t<\/div>\n<\/div><h6 class=\"eltdf-accordion-title\">\n    <span class=\"eltdf-accordion-mark\">\n\t\t<span class=\"eltdf_icon_plus icon_plus\"><\/span>\n\t\t<span class=\"eltdf_icon_minus icon_minus-06\"><\/span>\n\t<\/span>\n\t<span class=\"eltdf-tab-title\">Gwena\u00eble Robert<\/span>\n<\/h6>\n<div class=\"eltdf-accordion-content\">\n\t<div class=\"eltdf-accordion-content-inner\">\n\t\t[vc_column_text]<strong><em><img loading=\"lazy\" decoding=\"async\" class=\"wp-image-5879 alignnone\" src=\"https:\/\/www.chateaudelarocheguyon.fr\/le-chateau-se-livre\/wp-content\/uploads\/2025\/02\/Un-jardin-pour-royaume-193x300.jpg\" alt=\"\" width=\"129\" height=\"200\" srcset=\"https:\/\/www.chateaudelarocheguyon.fr\/le-chateau-se-livre\/wp-content\/uploads\/2025\/02\/Un-jardin-pour-royaume-193x300.jpg 193w, https:\/\/www.chateaudelarocheguyon.fr\/le-chateau-se-livre\/wp-content\/uploads\/2025\/02\/Un-jardin-pour-royaume-658x1024.jpg 658w, https:\/\/www.chateaudelarocheguyon.fr\/le-chateau-se-livre\/wp-content\/uploads\/2025\/02\/Un-jardin-pour-royaume-768x1195.jpg 768w, https:\/\/www.chateaudelarocheguyon.fr\/le-chateau-se-livre\/wp-content\/uploads\/2025\/02\/Un-jardin-pour-royaume-987x1536.jpg 987w, https:\/\/www.chateaudelarocheguyon.fr\/le-chateau-se-livre\/wp-content\/uploads\/2025\/02\/Un-jardin-pour-royaume-1316x2048.jpg 1316w, https:\/\/www.chateaudelarocheguyon.fr\/le-chateau-se-livre\/wp-content\/uploads\/2025\/02\/Un-jardin-pour-royaume.jpg 1594w\" sizes=\"auto, (max-width: 129px) 100vw, 129px\" \/> <img loading=\"lazy\" decoding=\"async\" class=\"wp-image-5881 alignnone\" src=\"https:\/\/www.chateaudelarocheguyon.fr\/le-chateau-se-livre\/wp-content\/uploads\/2025\/02\/Robert-Gwenaele-c-Pascal-Helleu-1-300x300.jpg\" alt=\"\" width=\"200\" height=\"200\" srcset=\"https:\/\/www.chateaudelarocheguyon.fr\/le-chateau-se-livre\/wp-content\/uploads\/2025\/02\/Robert-Gwenaele-c-Pascal-Helleu-1-300x300.jpg 300w, https:\/\/www.chateaudelarocheguyon.fr\/le-chateau-se-livre\/wp-content\/uploads\/2025\/02\/Robert-Gwenaele-c-Pascal-Helleu-1-1024x1024.jpg 1024w, https:\/\/www.chateaudelarocheguyon.fr\/le-chateau-se-livre\/wp-content\/uploads\/2025\/02\/Robert-Gwenaele-c-Pascal-Helleu-1-150x150.jpg 150w, https:\/\/www.chateaudelarocheguyon.fr\/le-chateau-se-livre\/wp-content\/uploads\/2025\/02\/Robert-Gwenaele-c-Pascal-Helleu-1-768x768.jpg 768w, https:\/\/www.chateaudelarocheguyon.fr\/le-chateau-se-livre\/wp-content\/uploads\/2025\/02\/Robert-Gwenaele-c-Pascal-Helleu-1-1536x1536.jpg 1536w, https:\/\/www.chateaudelarocheguyon.fr\/le-chateau-se-livre\/wp-content\/uploads\/2025\/02\/Robert-Gwenaele-c-Pascal-Helleu-1-650x650.jpg 650w, https:\/\/www.chateaudelarocheguyon.fr\/le-chateau-se-livre\/wp-content\/uploads\/2025\/02\/Robert-Gwenaele-c-Pascal-Helleu-1-1300x1300.jpg 1300w\" sizes=\"auto, (max-width: 200px) 100vw, 200px\" \/><\/em><\/strong><\/p>\n<p><strong><em>Un jardin pour royaume\u00a0<\/em><\/strong><\/p>\n<p><strong>\u00c9ditions Les Presses de la Cit\u00e9<\/strong><\/p>\n<p>Gwena\u00eble Robert est professeur de lettres et \u00e9crivain. Elle est l\u2019auteur de six romans dont <em>Le<\/em><\/p>\n<p><em>Dernier Bain<\/em> (prix Bretagne 2019) et <em>Sous les feux d\u2019artifice<\/em> (prix Ouest 2023). Elle a \u00e9galement publi\u00e9 <em>Le Dernier des \u00e9crivains<\/em> aux Presses de la Cit\u00e9 en 2022.<\/p>\n<p>Portrait \u00a9 Pascal Helleu[\/vc_column_text][vc_empty_space height=&#8221;18px&#8221;]\t<\/div>\n<\/div><h6 class=\"eltdf-accordion-title\">\n    <span class=\"eltdf-accordion-mark\">\n\t\t<span class=\"eltdf_icon_plus icon_plus\"><\/span>\n\t\t<span class=\"eltdf_icon_minus icon_minus-06\"><\/span>\n\t<\/span>\n\t<span class=\"eltdf-tab-title\">Estelle Rocchitelli<\/span>\n<\/h6>\n<div class=\"eltdf-accordion-content\">\n\t<div class=\"eltdf-accordion-content-inner\">\n\t\t[vc_column_text]<strong><em><img loading=\"lazy\" decoding=\"async\" class=\"wp-image-5883 alignnone\" src=\"https:\/\/www.chateaudelarocheguyon.fr\/le-chateau-se-livre\/wp-content\/uploads\/2025\/02\/couv-AprelaBrume2323-1-205x300.jpg\" alt=\"\" width=\"137\" height=\"200\" srcset=\"https:\/\/www.chateaudelarocheguyon.fr\/le-chateau-se-livre\/wp-content\/uploads\/2025\/02\/couv-AprelaBrume2323-1-205x300.jpg 205w, https:\/\/www.chateaudelarocheguyon.fr\/le-chateau-se-livre\/wp-content\/uploads\/2025\/02\/couv-AprelaBrume2323-1-700x1024.jpg 700w, https:\/\/www.chateaudelarocheguyon.fr\/le-chateau-se-livre\/wp-content\/uploads\/2025\/02\/couv-AprelaBrume2323-1-768x1124.jpg 768w, https:\/\/www.chateaudelarocheguyon.fr\/le-chateau-se-livre\/wp-content\/uploads\/2025\/02\/couv-AprelaBrume2323-1-1049x1536.jpg 1049w, https:\/\/www.chateaudelarocheguyon.fr\/le-chateau-se-livre\/wp-content\/uploads\/2025\/02\/couv-AprelaBrume2323-1-1399x2048.jpg 1399w, https:\/\/www.chateaudelarocheguyon.fr\/le-chateau-se-livre\/wp-content\/uploads\/2025\/02\/couv-AprelaBrume2323-1.jpg 1654w\" sizes=\"auto, (max-width: 137px) 100vw, 137px\" \/> <img loading=\"lazy\" decoding=\"async\" class=\"wp-image-5890 alignnone\" src=\"https:\/\/www.chateaudelarocheguyon.fr\/le-chateau-se-livre\/wp-content\/uploads\/2025\/02\/Estelle-Rocchitelli-c-Adelaide-Yvert-1-200x300.jpg\" alt=\"\" width=\"133\" height=\"200\" srcset=\"https:\/\/www.chateaudelarocheguyon.fr\/le-chateau-se-livre\/wp-content\/uploads\/2025\/02\/Estelle-Rocchitelli-c-Adelaide-Yvert-1-200x300.jpg 200w, https:\/\/www.chateaudelarocheguyon.fr\/le-chateau-se-livre\/wp-content\/uploads\/2025\/02\/Estelle-Rocchitelli-c-Adelaide-Yvert-1.jpg 554w\" sizes=\"auto, (max-width: 133px) 100vw, 133px\" \/><\/em><\/strong><\/p>\n<p><strong><em>Apr\u00e8s la brume<\/em><\/strong><\/p>\n<p><strong>\u00c9ditions Dalva<\/strong><\/p>\n<p>Estelle Rocchitelli est n\u00e9e en 1994 et a grandi pr\u00e8s de Poitiers. Durant son enfance, elle pratique la musique et lit fr\u00e9n\u00e9tiquement. Apr\u00e8s des \u00e9tudes de cin\u00e9ma et quelques ann\u00e9es de vie bretonne, elle rejoint Le Havre pour pratiquer l\u2019\u00e9criture au sein du master de cr\u00e9ation litt\u00e9raire. Elle vit toujours en Normandie et travaille dans une \u00e9picerie bio. <em>Apr\u00e8s la brume<\/em> est son premier roman.<\/p>\n<p>Portrait \u00a9 Ad\u00e9la\u00efde Yvert<strong><em>\u00a0<\/em><\/strong>[\/vc_column_text][vc_empty_space height=&#8221;18px&#8221;]\t<\/div>\n<\/div><h6 class=\"eltdf-accordion-title\">\n    <span class=\"eltdf-accordion-mark\">\n\t\t<span class=\"eltdf_icon_plus icon_plus\"><\/span>\n\t\t<span class=\"eltdf_icon_minus icon_minus-06\"><\/span>\n\t<\/span>\n\t<span class=\"eltdf-tab-title\">Louise Rolland<\/span>\n<\/h6>\n<div class=\"eltdf-accordion-content\">\n\t<div class=\"eltdf-accordion-content-inner\">\n\t\t[vc_column_text]<strong><em><img loading=\"lazy\" decoding=\"async\" class=\"wp-image-5957 alignnone\" src=\"https:\/\/www.chateaudelarocheguyon.fr\/le-chateau-se-livre\/wp-content\/uploads\/2025\/03\/Rolland-Louise-Un_air_de_montagne_COUV_HD_editions_ricochet-265x300.jpg\" alt=\"\" width=\"177\" height=\"200\" srcset=\"https:\/\/www.chateaudelarocheguyon.fr\/le-chateau-se-livre\/wp-content\/uploads\/2025\/03\/Rolland-Louise-Un_air_de_montagne_COUV_HD_editions_ricochet-265x300.jpg 265w, https:\/\/www.chateaudelarocheguyon.fr\/le-chateau-se-livre\/wp-content\/uploads\/2025\/03\/Rolland-Louise-Un_air_de_montagne_COUV_HD_editions_ricochet-904x1024.jpg 904w, https:\/\/www.chateaudelarocheguyon.fr\/le-chateau-se-livre\/wp-content\/uploads\/2025\/03\/Rolland-Louise-Un_air_de_montagne_COUV_HD_editions_ricochet-768x870.jpg 768w, https:\/\/www.chateaudelarocheguyon.fr\/le-chateau-se-livre\/wp-content\/uploads\/2025\/03\/Rolland-Louise-Un_air_de_montagne_COUV_HD_editions_ricochet-1357x1536.jpg 1357w, https:\/\/www.chateaudelarocheguyon.fr\/le-chateau-se-livre\/wp-content\/uploads\/2025\/03\/Rolland-Louise-Un_air_de_montagne_COUV_HD_editions_ricochet-1809x2048.jpg 1809w\" sizes=\"auto, (max-width: 177px) 100vw, 177px\" \/> <img loading=\"lazy\" decoding=\"async\" class=\"wp-image-5958 alignnone\" src=\"https:\/\/www.chateaudelarocheguyon.fr\/le-chateau-se-livre\/wp-content\/uploads\/2025\/03\/Rolland-Louise_photo-dauteur-250x300.jpg\" alt=\"\" width=\"166\" height=\"200\" srcset=\"https:\/\/www.chateaudelarocheguyon.fr\/le-chateau-se-livre\/wp-content\/uploads\/2025\/03\/Rolland-Louise_photo-dauteur-250x300.jpg 250w, https:\/\/www.chateaudelarocheguyon.fr\/le-chateau-se-livre\/wp-content\/uploads\/2025\/03\/Rolland-Louise_photo-dauteur-852x1024.jpg 852w, https:\/\/www.chateaudelarocheguyon.fr\/le-chateau-se-livre\/wp-content\/uploads\/2025\/03\/Rolland-Louise_photo-dauteur-768x923.jpg 768w, https:\/\/www.chateaudelarocheguyon.fr\/le-chateau-se-livre\/wp-content\/uploads\/2025\/03\/Rolland-Louise_photo-dauteur-1279x1536.jpg 1279w, https:\/\/www.chateaudelarocheguyon.fr\/le-chateau-se-livre\/wp-content\/uploads\/2025\/03\/Rolland-Louise_photo-dauteur-1705x2048.jpg 1705w\" sizes=\"auto, (max-width: 166px) 100vw, 166px\" \/><\/em><\/strong><\/p>\n<p><strong><em>Un air de montagne<\/em><\/strong><\/p>\n<p><strong>\u00c9ditions Le Ricochet<\/strong><\/p>\n<p><span style=\"font-weight: 400;\">Passionn\u00e9e depuis toute petite par le dessin, Louise Rolland a pass\u00e9 5 ans \u00e0 l&#8217;\u00c9cole de Cond\u00e9 \u00e0 Paris et a obtenu son master en Illustration et Bande-Dessin\u00e9e. Elle aime m\u00ealer dessins digitaux et dessins au crayon de papier ou au feutre, avec un soin particulier pour le d\u00e9tail et la couleur. Ce qu\u2019elle aime particuli\u00e8rement : jouer avec la narration, raconter des histoires avec ses crayons !\u00a0<\/span><\/p>\n<p><span style=\"font-weight: 400;\">Elle ne se lasse pas d\u2019observer\u00a0la nature, les animaux et les paysages lors de ses nombreuses excursions, elle y puise r\u00e9confort et inspiration pour son travail.<\/span><\/p>\n<p>.Portrait \u00a9 DR[\/vc_column_text][vc_empty_space height=&#8221;18px&#8221;]\t<\/div>\n<\/div><h6 class=\"eltdf-accordion-title\">\n    <span class=\"eltdf-accordion-mark\">\n\t\t<span class=\"eltdf_icon_plus icon_plus\"><\/span>\n\t\t<span class=\"eltdf_icon_minus icon_minus-06\"><\/span>\n\t<\/span>\n\t<span class=\"eltdf-tab-title\">Rebecca Romeo<\/span>\n<\/h6>\n<div class=\"eltdf-accordion-content\">\n\t<div class=\"eltdf-accordion-content-inner\">\n\t\t[vc_column_text]<strong><em><img loading=\"lazy\" decoding=\"async\" class=\"wp-image-5962 alignnone\" src=\"https:\/\/www.chateaudelarocheguyon.fr\/le-chateau-se-livre\/wp-content\/uploads\/2025\/03\/Romeo-Rebecca-Jaguars-couv-HD-229x300.jpg\" alt=\"\" width=\"153\" height=\"200\" srcset=\"https:\/\/www.chateaudelarocheguyon.fr\/le-chateau-se-livre\/wp-content\/uploads\/2025\/03\/Romeo-Rebecca-Jaguars-couv-HD-229x300.jpg 229w, https:\/\/www.chateaudelarocheguyon.fr\/le-chateau-se-livre\/wp-content\/uploads\/2025\/03\/Romeo-Rebecca-Jaguars-couv-HD-781x1024.jpg 781w, https:\/\/www.chateaudelarocheguyon.fr\/le-chateau-se-livre\/wp-content\/uploads\/2025\/03\/Romeo-Rebecca-Jaguars-couv-HD-768x1006.jpg 768w, https:\/\/www.chateaudelarocheguyon.fr\/le-chateau-se-livre\/wp-content\/uploads\/2025\/03\/Romeo-Rebecca-Jaguars-couv-HD-1172x1536.jpg 1172w, https:\/\/www.chateaudelarocheguyon.fr\/le-chateau-se-livre\/wp-content\/uploads\/2025\/03\/Romeo-Rebecca-Jaguars-couv-HD-1563x2048.jpg 1563w\" sizes=\"auto, (max-width: 153px) 100vw, 153px\" \/> <img loading=\"lazy\" decoding=\"async\" class=\"wp-image-5963 alignnone\" src=\"https:\/\/www.chateaudelarocheguyon.fr\/le-chateau-se-livre\/wp-content\/uploads\/2025\/03\/Photo-Rebecca-Romeo-243x300.jpg\" alt=\"\" width=\"162\" height=\"200\" srcset=\"https:\/\/www.chateaudelarocheguyon.fr\/le-chateau-se-livre\/wp-content\/uploads\/2025\/03\/Photo-Rebecca-Romeo-243x300.jpg 243w, https:\/\/www.chateaudelarocheguyon.fr\/le-chateau-se-livre\/wp-content\/uploads\/2025\/03\/Photo-Rebecca-Romeo-828x1024.jpg 828w, https:\/\/www.chateaudelarocheguyon.fr\/le-chateau-se-livre\/wp-content\/uploads\/2025\/03\/Photo-Rebecca-Romeo-768x950.jpg 768w, https:\/\/www.chateaudelarocheguyon.fr\/le-chateau-se-livre\/wp-content\/uploads\/2025\/03\/Photo-Rebecca-Romeo-1242x1536.jpg 1242w, https:\/\/www.chateaudelarocheguyon.fr\/le-chateau-se-livre\/wp-content\/uploads\/2025\/03\/Photo-Rebecca-Romeo-1656x2048.jpg 1656w\" sizes=\"auto, (max-width: 162px) 100vw, 162px\" \/><\/em><\/strong><\/p>\n<p><strong><em>Jaguars<\/em><\/strong><\/p>\n<p><strong>\u00c9ditions Le Grand Jardin<\/strong><\/p>\n<p><span style=\"font-weight: 400;\">Rebecca Romeo est n\u00e9e en 1986 en r\u00e9gion parisienne. Elle obtient son dipl\u00f4me de concepteur en design graphique \u00e0 LISAA Paris. <\/span><span style=\"font-weight: 400;\">Elle cultive un univers onirique, color\u00e9 \u00e0 la v\u00e9g\u00e9tation luxuriante, dans lequel se m\u00ealent jeux de textures et sens du d\u00e9tail. <\/span><span style=\"font-weight: 400;\">Elle construit ses \u0153uvres en passant du terrestre au c\u00e9leste en repr\u00e9sentant l\u2019ensemble de ses \u00eatres vivants sans oublier les mythes et l\u00e9gendes qui leur sont propres. <\/span><\/p>\n<p>.Portrait \u00a9 DR[\/vc_column_text][vc_empty_space height=&#8221;18px&#8221;]\t<\/div>\n<\/div><h6 class=\"eltdf-accordion-title\">\n    <span class=\"eltdf-accordion-mark\">\n\t\t<span class=\"eltdf_icon_plus icon_plus\"><\/span>\n\t\t<span class=\"eltdf_icon_minus icon_minus-06\"><\/span>\n\t<\/span>\n\t<span class=\"eltdf-tab-title\">Georges Vigarello<\/span>\n<\/h6>\n<div class=\"eltdf-accordion-content\">\n\t<div class=\"eltdf-accordion-content-inner\">\n\t\t[vc_column_text]<strong><em><img loading=\"lazy\" decoding=\"async\" class=\"wp-image-5899 alignnone\" src=\"https:\/\/www.chateaudelarocheguyon.fr\/le-chateau-se-livre\/wp-content\/uploads\/2025\/02\/Une-histoire-des-lointains-2-200x300.jpg\" alt=\"\" width=\"133\" height=\"200\" srcset=\"https:\/\/www.chateaudelarocheguyon.fr\/le-chateau-se-livre\/wp-content\/uploads\/2025\/02\/Une-histoire-des-lointains-2-200x300.jpg 200w, https:\/\/www.chateaudelarocheguyon.fr\/le-chateau-se-livre\/wp-content\/uploads\/2025\/02\/Une-histoire-des-lointains-2.jpg 554w\" sizes=\"auto, (max-width: 133px) 100vw, 133px\" \/> <img loading=\"lazy\" decoding=\"async\" class=\"wp-image-5901 alignnone\" src=\"https:\/\/www.chateaudelarocheguyon.fr\/le-chateau-se-livre\/wp-content\/uploads\/2025\/02\/Georges-Vigarello-portrait-200x300.jpg\" alt=\"\" width=\"133\" height=\"200\" srcset=\"https:\/\/www.chateaudelarocheguyon.fr\/le-chateau-se-livre\/wp-content\/uploads\/2025\/02\/Georges-Vigarello-portrait-200x300.jpg 200w, https:\/\/www.chateaudelarocheguyon.fr\/le-chateau-se-livre\/wp-content\/uploads\/2025\/02\/Georges-Vigarello-portrait.jpg 554w\" sizes=\"auto, (max-width: 133px) 100vw, 133px\" \/><\/em><\/strong><\/p>\n<p><strong><em>Une histoire des lointains<br \/>\n<\/em>\u00c9ditions Seuil<em><br \/>\n<\/em><\/strong><\/p>\n<p>Georges Vigarello est directeur d&#8217;\u00e9tudes \u00e0 l&#8217;Ecole des hautes \u00e9tudes en sciences sociales. Les titres de ses ouvrages trahissent ses pr\u00e9occupations, le corps avec ses normes et les pratiques destin\u00e9es \u00e0 l\u2019embellir : <em>Histoire de la beaut\u00e9<\/em>, 2004 ; <em>Histoire du corps<\/em>, co-auteur, 2006 ; <em>Les M\u00e9tamorphoses du gras<\/em>, 2010 ; <em>La Silhouette, naissance d&#8217;un d\u00e9fi<\/em>, 2012 ; <em>Le Propre et le Sale<\/em>, 2013 ; <em>Histoire des \u00e9motions<\/em>, co-auteur, 2016 ; <em>La Robe, une histoire culturelle<\/em>, 2017 et <em>une Histoire de la fatigue<\/em>. <em>Du Moyen \u00c2ge \u00e0 nos jours<\/em>, 2020.<\/p>\n<p>Portrait \u00a9 J\u00e9rome Panconi[\/vc_column_text][vc_empty_space height=&#8221;18px&#8221;]\t<\/div>\n<\/div><\/div>[\/vc_column][vc_column width=&#8221;1\/3&#8243;]<div class=\"eltdf-single-image-holder    eltdf-image-animation-horizontal\">\n    <div class=\"eltdf-si-inner\" >\n                                    <img loading=\"lazy\" decoding=\"async\" width=\"1810\" height=\"2560\" src=\"https:\/\/www.chateaudelarocheguyon.fr\/le-chateau-se-livre\/wp-content\/uploads\/2025\/03\/Image-libre-de-droits-scaled.jpg\" class=\"attachment-full size-full\" alt=\"\" srcset=\"https:\/\/www.chateaudelarocheguyon.fr\/le-chateau-se-livre\/wp-content\/uploads\/2025\/03\/Image-libre-de-droits-scaled.jpg 1810w, https:\/\/www.chateaudelarocheguyon.fr\/le-chateau-se-livre\/wp-content\/uploads\/2025\/03\/Image-libre-de-droits-212x300.jpg 212w, https:\/\/www.chateaudelarocheguyon.fr\/le-chateau-se-livre\/wp-content\/uploads\/2025\/03\/Image-libre-de-droits-724x1024.jpg 724w, https:\/\/www.chateaudelarocheguyon.fr\/le-chateau-se-livre\/wp-content\/uploads\/2025\/03\/Image-libre-de-droits-768x1086.jpg 768w, https:\/\/www.chateaudelarocheguyon.fr\/le-chateau-se-livre\/wp-content\/uploads\/2025\/03\/Image-libre-de-droits-1086x1536.jpg 1086w, https:\/\/www.chateaudelarocheguyon.fr\/le-chateau-se-livre\/wp-content\/uploads\/2025\/03\/Image-libre-de-droits-1448x2048.jpg 1448w\" sizes=\"auto, (max-width: 1810px) 100vw, 1810px\" \/>                        <\/div>\n<\/div>[\/vc_column][\/vc_row][vc_row][vc_column][vc_empty_space height=&#8221;50px&#8221;][\/vc_column][\/vc_row]<\/p>\n","protected":false},"excerpt":{"rendered":"<p>[vc_row content_placement=&#8221;middle&#8221; row_content_width=&#8221;grid&#8221; content_text_aligment=&#8221;center&#8221; css=&#8221;.vc_custom_1709735647491{padding-top: 147px !important;padding-bottom: 51px !important;}&#8221;][vc_column][vc_empty_space height=&#8221;53px&#8221;][vc_column_text]En m\u00ealant habilement les voix d\u2019auteurs contemporains, jeunes tout autant que confirm\u00e9s, fran\u00e7ais et traduits, le festival de litt\u00e9rature\u00a0Le Ch\u00e2teau se Livre\u00a0propose aux festivaliers des rencontres, tables rondes, lectures musicales, conf\u00e9rences, [&hellip;]<\/p>\n","protected":false},"author":1,"featured_media":0,"parent":0,"menu_order":0,"comment_status":"closed","ping_status":"closed","template":"full-width.php","meta":{"footnotes":""},"class_list":["post-5360","page","type-page","status-publish","hentry"],"_links":{"self":[{"href":"https:\/\/www.chateaudelarocheguyon.fr\/le-chateau-se-livre\/wp-json\/wp\/v2\/pages\/5360","targetHints":{"allow":["GET"]}}],"collection":[{"href":"https:\/\/www.chateaudelarocheguyon.fr\/le-chateau-se-livre\/wp-json\/wp\/v2\/pages"}],"about":[{"href":"https:\/\/www.chateaudelarocheguyon.fr\/le-chateau-se-livre\/wp-json\/wp\/v2\/types\/page"}],"author":[{"embeddable":true,"href":"https:\/\/www.chateaudelarocheguyon.fr\/le-chateau-se-livre\/wp-json\/wp\/v2\/users\/1"}],"replies":[{"embeddable":true,"href":"https:\/\/www.chateaudelarocheguyon.fr\/le-chateau-se-livre\/wp-json\/wp\/v2\/comments?post=5360"}],"version-history":[{"count":139,"href":"https:\/\/www.chateaudelarocheguyon.fr\/le-chateau-se-livre\/wp-json\/wp\/v2\/pages\/5360\/revisions"}],"predecessor-version":[{"id":6144,"href":"https:\/\/www.chateaudelarocheguyon.fr\/le-chateau-se-livre\/wp-json\/wp\/v2\/pages\/5360\/revisions\/6144"}],"wp:attachment":[{"href":"https:\/\/www.chateaudelarocheguyon.fr\/le-chateau-se-livre\/wp-json\/wp\/v2\/media?parent=5360"}],"curies":[{"name":"wp","href":"https:\/\/api.w.org\/{rel}","templated":true}]}}